{"id":20,"date":"2016-08-10T16:12:34","date_gmt":"2016-08-10T20:12:34","guid":{"rendered":"https:\/\/www.tucsonmuseumofart.org\/?page_id=20"},"modified":"2025-08-15T14:19:59","modified_gmt":"2025-08-15T21:19:59","slug":"cafe-a-la-cart","status":"publish","type":"page","link":"https:\/\/www.tucsonmuseumofart.org\/es\/cafe-a-la-cart\/","title":{"rendered":"Caf\u00e9 a la C&#039;art"},"content":{"rendered":"<div id='av_section_1'  class='avia-section av-m8o0g-13d2788c7f8ab1c8fdadfc48fa0d18bf main_color avia-section-default avia-no-border-styling  avia-builder-el-0  el_before_av_section  avia-builder-el-first  avia-bg-style-parallax av-minimum-height av-minimum-height-50 av-height-50  container_wrap fullsize'   data-av_minimum_height_pc='50' data-av_min_height_opt='50'><div class='container av-section-cont-open' ><main  role=\"main\" itemprop=\"mainContentOfPage\"  class='template-page content  av-content-full alpha units'><div class='post-entry post-entry-type-page post-entry-20'><div class='entry-content-wrapper clearfix'>\n\n<style type=\"text\/css\" data-created_by=\"avia_inline_auto\" id=\"style-css-av-lkb5s-0ca376f0862e19fccd7eb39d4502864c\">\n#top .av-special-heading.av-lkb5s-0ca376f0862e19fccd7eb39d4502864c{\npadding-bottom:0;\nfont-size:40px;\n}\nbody .av-special-heading.av-lkb5s-0ca376f0862e19fccd7eb39d4502864c .av-special-heading-tag .heading-char{\nfont-size:25px;\n}\n#top #wrap_all .av-special-heading.av-lkb5s-0ca376f0862e19fccd7eb39d4502864c .av-special-heading-tag{\nfont-size:40px;\n}\n.av-special-heading.av-lkb5s-0ca376f0862e19fccd7eb39d4502864c .av-subheading{\nfont-size:20px;\n}\n\n@media only screen and (min-width: 480px) and (max-width: 767px){ \n#top #wrap_all .av-special-heading.av-lkb5s-0ca376f0862e19fccd7eb39d4502864c .av-special-heading-tag{\nfont-size:0.8em;\n}\n}\n\n@media only screen and (max-width: 479px){ \n#top #wrap_all .av-special-heading.av-lkb5s-0ca376f0862e19fccd7eb39d4502864c .av-special-heading-tag{\nfont-size:0.8em;\n}\n}\n<\/style>\n<div  class='av-special-heading av-lkb5s-0ca376f0862e19fccd7eb39d4502864c av-special-heading-h1 custom-color-heading blockquote modern-quote modern-centered  avia-builder-el-1  avia-builder-el-no-sibling  av-inherit-size av-linked-heading'><h1 class='av-special-heading-tag'  itemprop=\"headline\"  ><a class=\"av-heading-link\" href=\"https:\/\/www.cafealacarttucson.com\/\" >Caf\u00e9 a la C&#039;art<\/a><\/h1><div class=\"special-heading-border\"><div class=\"special-heading-inner-border\"><\/div><\/div><\/div>\n\n<\/div><\/div><\/main><!-- close content main element --><\/div><\/div>\n<style type=\"text\/css\" data-created_by=\"avia_inline_auto\" id=\"style-css-av-l1fas-0bec583046a9e8c5fd24c3d4d817ee93\">\n.avia-section.av-l1fas-0bec583046a9e8c5fd24c3d4d817ee93 .av-parallax .av-parallax-inner{\nbackground-repeat:no-repeat;\nbackground-image:url(https:\/\/www.tucsonmuseumofart.org\/wp-content\/uploads\/2017\/01\/MG_1934.jpg);\nbackground-position:50% 50%;\nbackground-attachment:scroll;\n}\n<\/style>\n<div id='av_section_2'  class='avia-section av-l1fas-0bec583046a9e8c5fd24c3d4d817ee93 main_color avia-section-default avia-no-border-styling  avia-builder-el-2  el_after_av_section  el_before_av_section  av-parallax-section avia-bg-style-parallax av-minimum-height av-minimum-height-100 av-height-100  container_wrap fullsize'  data-section-bg-repeat='no-repeat' data-av_minimum_height_pc='100' data-av_min_height_opt='100'><div class='av-parallax' data-avia-parallax-ratio='0.3' ><div class='av-parallax-inner main_color avia-full-stretch'><\/div><\/div><div class='container av-section-cont-open' ><div class='template-page content  av-content-full alpha units'><div class='post-entry post-entry-type-page post-entry-20'><div class='entry-content-wrapper clearfix'>\n<\/div><\/div><\/div><!-- close content main div --><\/div><\/div><div id='av_section_3'  class='avia-section av-kpr5s-b5dfb9712172d5c1fc3efb67999dd653 main_color avia-section-default avia-no-shadow  avia-builder-el-3  el_after_av_section  el_before_av_section  avia-bg-style-scroll container_wrap fullsize'  ><div class='container av-section-cont-open' ><div class='template-page content  av-content-full alpha units'><div class='post-entry post-entry-type-page post-entry-20'><div class='entry-content-wrapper clearfix'>\n\n<style type=\"text\/css\" data-created_by=\"avia_inline_auto\" id=\"style-css-av-ju470-a4996df27336585f145c2e0ac2f7b141\">\n.flex_column.av-ju470-a4996df27336585f145c2e0ac2f7b141{\nborder-radius:0px 0px 0px 0px;\npadding:0px 0px 0px 0px;\n}\n<\/style>\n<div  class='flex_column av-ju470-a4996df27336585f145c2e0ac2f7b141 av_one_half  avia-builder-el-4  el_before_av_one_half  avia-builder-el-first  first flex_column_div av-zero-column-padding'     ><p>\n<style type=\"text\/css\" data-created_by=\"avia_inline_auto\" id=\"style-css-av-kig7qjed-53a434e83c8b71c5f24a5972a1838a3e\">\n#top .av-special-heading.av-kig7qjed-53a434e83c8b71c5f24a5972a1838a3e{\npadding-bottom:30px;\n}\nbody .av-special-heading.av-kig7qjed-53a434e83c8b71c5f24a5972a1838a3e .av-special-heading-tag .heading-char{\nfont-size:25px;\n}\n.av-special-heading.av-kig7qjed-53a434e83c8b71c5f24a5972a1838a3e .av-subheading{\nfont-size:15px;\n}\n<\/style>\n<div  class='av-special-heading av-kig7qjed-53a434e83c8b71c5f24a5972a1838a3e av-special-heading-h2 blockquote modern-quote  avia-builder-el-5  el_before_av_textblock  avia-builder-el-first'><h2 class='av-special-heading-tag'  itemprop=\"headline\"  >Sirviendo Brunch y Almuerzo<\/h2><div class=\"special-heading-border\"><div class=\"special-heading-inner-border\"><\/div><\/div><\/div><br \/>\n<section  class='av_textblock_section av-1vvrk-f0818ac09084193ebf828105178bf991'   itemscope=\"itemscope\" itemtype=\"https:\/\/schema.org\/CreativeWork\" ><div class='avia_textblock'  itemprop=\"text\" ><p>Caf\u00e9 a la C&#039;Art est\u00e1 catalogado como uno de los diez mejores restaurantes de museos en los EE. UU. por <a href=\"https:\/\/www.foodandwine.com\/travel\/best-museum-restaurants-us#9\">Revista comida y vino<\/a>. Located in the historic 1865 Stevens House, the Caf\u00e9 offers intimate dining spaces and a spacious patio. Enjoy menus created by executive chef and owner Mark Jorbin, and save room for one of the luscious desserts crafted by the in-house pastry chef.<\/p>\n<\/div><\/section><br \/>\n\n<style type=\"text\/css\" data-created_by=\"avia_inline_auto\" id=\"style-css-av-i0uw0-bd1fb145d4af6cd5cdb31bee2bb42276\">\n#top .hr.hr-invisible.av-i0uw0-bd1fb145d4af6cd5cdb31bee2bb42276{\nheight:20px;\n}\n<\/style>\n<div  class='hr av-i0uw0-bd1fb145d4af6cd5cdb31bee2bb42276 hr-invisible  avia-builder-el-7  el_after_av_textblock  el_before_av_button'><span class='hr-inner'><span class=\"hr-inner-style\"><\/span><\/span><\/div><br \/>\n<div  class='avia-button-wrap av-hp7d8-e17617066dc52bf19d813932740069b8-wrap avia-button-left  avia-builder-el-8  el_after_av_hr  avia-builder-el-last'><a href='https:\/\/www.cafealacarttucson.com\/menu\/' class='avia-button av-hp7d8-e17617066dc52bf19d813932740069b8 avia-icon_select-no avia-size-large avia-position-left avia-color-dark' target=\"_blank\" rel=\"noopener noreferrer\"><span class='avia_iconbox_title' >Ver men\u00fa<\/span><\/a><\/div><\/p><\/div>\n<style type=\"text\/css\" data-created_by=\"avia_inline_auto\" id=\"style-css-av-h1ng8-8cc0d06545dbeb1d95770c258af1685a\">\n.flex_column.av-h1ng8-8cc0d06545dbeb1d95770c258af1685a{\nborder-radius:0px 0px 0px 0px;\npadding:0px 0px 0px 0px;\n}\n<\/style>\n<div  class='flex_column av-h1ng8-8cc0d06545dbeb1d95770c258af1685a av_one_half  avia-builder-el-9  el_after_av_one_half  avia-builder-el-last  flex_column_div av-zero-column-padding'     ><style type=\"text\/css\" data-created_by=\"avia_inline_auto\" id=\"style-css-av-g82mw-e2d7e307f523d7eebc491cd39f3c0a7e\">\n.avia-image-container.av-g82mw-e2d7e307f523d7eebc491cd39f3c0a7e img.avia_image{\nbox-shadow:none;\n}\n.avia-image-container.av-g82mw-e2d7e307f523d7eebc491cd39f3c0a7e .av-image-caption-overlay-center{\ncolor:#ffffff;\n}\n<\/style>\n<div  class='avia-image-container av-g82mw-e2d7e307f523d7eebc491cd39f3c0a7e av-styling-no-styling avia-align-center  avia-builder-el-10  avia-builder-el-no-sibling'   itemprop=\"image\" itemscope=\"itemscope\" itemtype=\"https:\/\/schema.org\/ImageObject\" ><div class=\"avia-image-container-inner\"><div class=\"avia-image-overlay-wrap\"><img decoding=\"async\" class='wp-image-19670 avia-img-lazy-loading-not-19670 avia_image' src=\"https:\/\/www.tucsonmuseumofart.org\/wp-content\/uploads\/2020\/12\/Cafe-patio-Aug-2020-1030x773.jpg\" alt='' title='Caf\u00e9 patio agosto 2020'  height=\"773\" width=\"1030\"  itemprop=\"thumbnailUrl\" srcset=\"https:\/\/www.tucsonmuseumofart.org\/wp-content\/uploads\/2020\/12\/Cafe-patio-Aug-2020-1030x773.jpg 1030w, https:\/\/www.tucsonmuseumofart.org\/wp-content\/uploads\/2020\/12\/Cafe-patio-Aug-2020-450x338.jpg 450w, https:\/\/www.tucsonmuseumofart.org\/wp-content\/uploads\/2020\/12\/Cafe-patio-Aug-2020-300x225.jpg 300w, https:\/\/www.tucsonmuseumofart.org\/wp-content\/uploads\/2020\/12\/Cafe-patio-Aug-2020-768x576.jpg 768w, https:\/\/www.tucsonmuseumofart.org\/wp-content\/uploads\/2020\/12\/Cafe-patio-Aug-2020-1536x1152.jpg 1536w, https:\/\/www.tucsonmuseumofart.org\/wp-content\/uploads\/2020\/12\/Cafe-patio-Aug-2020-2048x1536.jpg 2048w, https:\/\/www.tucsonmuseumofart.org\/wp-content\/uploads\/2020\/12\/Cafe-patio-Aug-2020-1500x1125.jpg 1500w, https:\/\/www.tucsonmuseumofart.org\/wp-content\/uploads\/2020\/12\/Cafe-patio-Aug-2020-705x529.jpg 705w\" sizes=\"(max-width: 1030px) 100vw, 1030px\" \/><\/div><\/div><\/div><\/div>\n\n<\/div><\/div><\/div><!-- close content main div --><\/div><\/div>\n<style type=\"text\/css\" data-created_by=\"avia_inline_auto\" id=\"style-css-av-fqaqs-f1097c33172a92bc5e0befcfddace10a\">\n.avia-section.av-fqaqs-f1097c33172a92bc5e0befcfddace10a{\nbackground-color:#ffffff;\nbackground-image:unset;\n}\n<\/style>\n<div id='av_section_4'  class='avia-section av-fqaqs-f1097c33172a92bc5e0befcfddace10a main_color avia-section-default avia-no-shadow  avia-builder-el-11  el_after_av_section  el_before_av_section  avia-bg-style-scroll av-minimum-height av-minimum-height-50 av-height-50  container_wrap fullsize'   data-av_minimum_height_pc='50' data-av_min_height_opt='50'><div class='container av-section-cont-open' ><div class='template-page content  av-content-full alpha units'><div class='post-entry post-entry-type-page post-entry-20'><div class='entry-content-wrapper clearfix'>\n\n<style type=\"text\/css\" data-created_by=\"avia_inline_auto\" id=\"style-css-av-r2v0-fba8f25381a4031bc5d2bb6e50e9c910\">\n#top .av-special-heading.av-r2v0-fba8f25381a4031bc5d2bb6e50e9c910{\npadding-bottom:50px;\n}\nbody .av-special-heading.av-r2v0-fba8f25381a4031bc5d2bb6e50e9c910 .av-special-heading-tag .heading-char{\nfont-size:25px;\n}\n.av-special-heading.av-r2v0-fba8f25381a4031bc5d2bb6e50e9c910 .av-subheading{\nfont-size:15px;\n}\n<\/style>\n<div  class='av-special-heading av-r2v0-fba8f25381a4031bc5d2bb6e50e9c910 av-special-heading-h2 blockquote modern-quote modern-centered  avia-builder-el-12  el_before_av_one_third  avia-builder-el-first'><h2 class='av-special-heading-tag'  itemprop=\"headline\"  >Horas de Caf\u00e9<\/h2><div class=\"special-heading-border\"><div class=\"special-heading-inner-border\"><\/div><\/div><\/div>\n\n<style type=\"text\/css\" data-created_by=\"avia_inline_auto\" id=\"style-css-av-1cg5g-5cf0b813f85f807756de7070b24e12b5\">\n.flex_column.av-1cg5g-5cf0b813f85f807756de7070b24e12b5{\nborder-radius:0px 0px 0px 0px;\npadding:0px 0px 0px 0px;\n}\n<\/style>\n<div  class='flex_column av-1cg5g-5cf0b813f85f807756de7070b24e12b5 av_one_third  avia-builder-el-13  el_after_av_heading  el_before_av_one_third  first flex_column_div av-zero-column-padding'     ><style type=\"text\/css\" data-created_by=\"avia_inline_auto\" id=\"style-css-av-kig79xpe-5eeca012c878ffe9c441181891c47d86\">\n#top .av-special-heading.av-kig79xpe-5eeca012c878ffe9c441181891c47d86{\npadding-bottom:0;\n}\nbody .av-special-heading.av-kig79xpe-5eeca012c878ffe9c441181891c47d86 .av-special-heading-tag .heading-char{\nfont-size:25px;\n}\n.av-special-heading.av-kig79xpe-5eeca012c878ffe9c441181891c47d86 .av-subheading{\nfont-size:20px;\n}\n<\/style>\n<div  class='av-special-heading av-kig79xpe-5eeca012c878ffe9c441181891c47d86 av-special-heading-h1 blockquote modern-quote modern-centered  avia-builder-el-14  avia-builder-el-no-sibling'><h1 class='av-special-heading-tag'  itemprop=\"headline\"  >Lunes martes<\/h1><div class='av-subheading av-subheading_below'><p>CERRADO<\/p>\n<\/div><div class=\"special-heading-border\"><div class=\"special-heading-inner-border\"><\/div><\/div><\/div><\/div>\n<style type=\"text\/css\" data-created_by=\"avia_inline_auto\" id=\"style-css-av-elzcs-ab5a0e132ba78187eac2689f93a4e76d\">\n.flex_column.av-elzcs-ab5a0e132ba78187eac2689f93a4e76d{\nborder-radius:0px 0px 0px 0px;\npadding:0px 0px 0px 0px;\n}\n<\/style>\n<div  class='flex_column av-elzcs-ab5a0e132ba78187eac2689f93a4e76d av_one_third  avia-builder-el-15  el_after_av_one_third  el_before_av_one_third  flex_column_div av-zero-column-padding'     ><style type=\"text\/css\" data-created_by=\"avia_inline_auto\" id=\"style-css-av-kig78hex-609ed615a69973664f8b877a98c99eb6\">\n#top .av-special-heading.av-kig78hex-609ed615a69973664f8b877a98c99eb6{\npadding-bottom:0;\n}\nbody .av-special-heading.av-kig78hex-609ed615a69973664f8b877a98c99eb6 .av-special-heading-tag .heading-char{\nfont-size:25px;\n}\n.av-special-heading.av-kig78hex-609ed615a69973664f8b877a98c99eb6 .av-subheading{\nfont-size:20px;\n}\n<\/style>\n<div  class='av-special-heading av-kig78hex-609ed615a69973664f8b877a98c99eb6 av-special-heading-h1 blockquote modern-quote modern-centered  avia-builder-el-16  avia-builder-el-no-sibling'><h1 class='av-special-heading-tag'  itemprop=\"headline\"  >Mi\u00e9rcoles viernes<\/h1><div class='av-subheading av-subheading_below'><p>10:00 a. m. a 2:00 p. m.<\/p>\n<\/div><div class=\"special-heading-border\"><div class=\"special-heading-inner-border\"><\/div><\/div><\/div><\/div>\n<style type=\"text\/css\" data-created_by=\"avia_inline_auto\" id=\"style-css-av-1cg5g-1-908211648332db039eb593b2c851dd45\">\n.flex_column.av-1cg5g-1-908211648332db039eb593b2c851dd45{\nborder-radius:0px 0px 0px 0px;\npadding:0px 0px 0px 0px;\n}\n<\/style>\n<div  class='flex_column av-1cg5g-1-908211648332db039eb593b2c851dd45 av_one_third  avia-builder-el-17  el_after_av_one_third  el_before_av_one_half  flex_column_div av-zero-column-padding'     ><style type=\"text\/css\" data-created_by=\"avia_inline_auto\" id=\"style-css-av-kig78v4f-d85beab1939baca886c4e46d16d44b61\">\n#top .av-special-heading.av-kig78v4f-d85beab1939baca886c4e46d16d44b61{\npadding-bottom:0;\n}\nbody .av-special-heading.av-kig78v4f-d85beab1939baca886c4e46d16d44b61 .av-special-heading-tag .heading-char{\nfont-size:25px;\n}\n.av-special-heading.av-kig78v4f-d85beab1939baca886c4e46d16d44b61 .av-subheading{\nfont-size:20px;\n}\n<\/style>\n<div  class='av-special-heading av-kig78v4f-d85beab1939baca886c4e46d16d44b61 av-special-heading-h1 blockquote modern-quote modern-centered  avia-builder-el-18  avia-builder-el-no-sibling'><h1 class='av-special-heading-tag'  itemprop=\"headline\"  >Sabado domingo<\/h1><div class='av-subheading av-subheading_below'><p>8:00 am \u2013 3:00 pm<\/p>\n<\/div><div class=\"special-heading-border\"><div class=\"special-heading-inner-border\"><\/div><\/div><\/div><\/div>\n<style type=\"text\/css\" data-created_by=\"avia_inline_auto\" id=\"style-css-av-ca8jg-315aeb152d9d0a0656441c4ffc51b36c\">\n.flex_column.av-ca8jg-315aeb152d9d0a0656441c4ffc51b36c{\nborder-radius:0px 0px 0px 0px;\npadding:0px 0px 0px 0px;\n}\n<\/style>\n<div  class='flex_column av-ca8jg-315aeb152d9d0a0656441c4ffc51b36c av_one_half  avia-builder-el-19  el_after_av_one_third  el_before_av_one_fourth  first flex_column_div av-zero-column-padding  column-top-margin'     ><section  class='av_textblock_section av-bw5r0-3c7916739541a53fd3bb61c3384e666c'   itemscope=\"itemscope\" itemtype=\"https:\/\/schema.org\/CreativeWork\" ><div class='avia_textblock'  itemprop=\"text\" ><p>Para obtener m\u00e1s informaci\u00f3n sobre la cafeter\u00eda, el catering y el men\u00fa, por favor <a href=\"mailto:eat@cafealacarttucson.com\">enviar un correo electr\u00f3nico al caf\u00e9<\/a> o llamar <a href=\"tel:5206288533\">520-628-8533<\/a>.<\/p>\n<\/div><\/section><\/div>\n<style type=\"text\/css\" data-created_by=\"avia_inline_auto\" id=\"style-css-av-zin4-cb3ad26c5fb5a286f5120122ded43053\">\n.flex_column.av-zin4-cb3ad26c5fb5a286f5120122ded43053{\nborder-radius:0px 0px 0px 0px;\npadding:0px 0px 0px 0px;\n}\n<\/style>\n<div  class='flex_column av-zin4-cb3ad26c5fb5a286f5120122ded43053 av_one_fourth  avia-builder-el-21  el_after_av_one_half  avia-builder-el-last  flex_column_div av-zero-column-padding  column-top-margin'     ><div  class='avia-button-wrap av-9dadk-b72b4548ff26d8511900c1d506a72f13-wrap avia-button-center  avia-builder-el-22  avia-builder-el-no-sibling'><a href='https:\/\/www.cafealacarttucson.com\/menu\/' class='avia-button av-9dadk-b72b4548ff26d8511900c1d506a72f13 avia-icon_select-no avia-size-large avia-position-center avia-color-dark' target=\"_blank\" rel=\"noopener noreferrer\"><span class='avia_iconbox_title' >Ver men\u00fa<\/span><\/a><\/div><\/div><\/div><\/div><\/div><!-- close content main div --><\/div><\/div>\n<style type=\"text\/css\" data-created_by=\"avia_inline_auto\" id=\"style-css-av-5of4c-7a594dd60a5036d805de5e0e4bb63cb6\">\n.avia-section.av-5of4c-7a594dd60a5036d805de5e0e4bb63cb6 .av-parallax .av-parallax-inner{\nbackground-repeat:no-repeat;\nbackground-image:url(https:\/\/www.tucsonmuseumofart.org\/wp-content\/uploads\/2017\/01\/TF-CafealaCart-1766.RT_.jpg);\nbackground-position:50% 50%;\nbackground-attachment:scroll;\n}\n<\/style>\n<div id='av_section_5'  class='avia-section av-5of4c-7a594dd60a5036d805de5e0e4bb63cb6 main_color avia-section-default avia-no-border-styling  avia-builder-el-23  el_after_av_section  el_before_av_section  av-parallax-section avia-bg-style-parallax av-minimum-height av-minimum-height-100 av-height-100  container_wrap fullsize'  data-section-bg-repeat='no-repeat' data-av_minimum_height_pc='100' data-av_min_height_opt='100'><div class='av-parallax' data-avia-parallax-ratio='0.3' ><div class='av-parallax-inner main_color avia-full-stretch'><\/div><\/div><div class='container av-section-cont-open' ><div class='template-page content  av-content-full alpha units'><div class='post-entry post-entry-type-page post-entry-20'><div class='entry-content-wrapper clearfix'><\/p>\n<\/div><\/div><\/div><!-- close content main div --><\/div><\/div><div id='av_section_6'  class='avia-section av-4yq4c-83d0b6a475827c562888abcaa2db4cfa main_color avia-section-default avia-no-border-styling  avia-builder-el-24  el_after_av_section  el_before_av_section  avia-bg-style-scroll container_wrap fullsize'  ><div class='container av-section-cont-open' ><div class='template-page content  av-content-full alpha units'><div class='post-entry post-entry-type-page post-entry-20'><div class='entry-content-wrapper clearfix'>\n\n<style type=\"text\/css\" data-created_by=\"avia_inline_auto\" id=\"style-css-av-4i87s-52c9d0034999f77ddce12078b6e5f173\">\n#top .av-special-heading.av-4i87s-52c9d0034999f77ddce12078b6e5f173{\npadding-bottom:50px;\n}\nbody .av-special-heading.av-4i87s-52c9d0034999f77ddce12078b6e5f173 .av-special-heading-tag .heading-char{\nfont-size:25px;\n}\n.av-special-heading.av-4i87s-52c9d0034999f77ddce12078b6e5f173 .av-subheading{\nfont-size:15px;\n}\n<\/style>\n<div  class='av-special-heading av-4i87s-52c9d0034999f77ddce12078b6e5f173 av-special-heading-h2 blockquote modern-quote modern-centered  avia-builder-el-25  el_before_av_masonry_entries  avia-builder-el-no-sibling'><h2 class='av-special-heading-tag'  itemprop=\"headline\"  >Exposiciones Actuales<\/h2><div class=\"special-heading-border\"><div class=\"special-heading-inner-border\"><\/div><\/div><\/div>\n<div id='av-masonry-1' class='av-masonry av-40r1s-64776b1ef6168f4b64a6b1eb32d4765d noHover av-flex-size av-large-gap av-hover-overlay- av-masonry-animation-active av-masonry-col-4 av-caption-always av-caption-style- av-masonry-entries' data-post_id=\"20\"><div class=\"av-masonry-container isotope av-js-disabled\"><div class='av-masonry-entry isotope-item av-masonry-item-no-image'><\/div><a href=\"https:\/\/www.tucsonmuseumofart.org\/es\/exhibition\/another-frame\/\"  id='av-masonry-1-item-44597' data-av-masonry-item='44597' class='av-masonry-entry isotope-item post-44597 exhibition type-exhibition status-publish format-standard has-post-thumbnail hentry exhibition-status-collection-exhibitions exhibition-status-current-exhibitions exhibition-status-upcoming-feature-exhibitions  av-masonry-item-with-image' title=\"Carmen Mar\u2019n de Barreda\"   itemscope=\"itemscope\" itemtype=\"https:\/\/schema.org\/CreativeWork\" ><div class='av-inner-masonry-sizer'><\/div><figure class='av-inner-masonry main_color'><div class=\"av-masonry-outerimage-container\"><div class='av-masonry-image-container'   ><img decoding=\"async\" width=\"618\" height=\"705\" class=\"wp-image-44598 avia-img-lazy-loading-not-44598\"  src=\"https:\/\/www.tucsonmuseumofart.org\/wp-content\/uploads\/2026\/03\/95029011-618x705.jpg\" title=\"Carmen Mar\u2019n de Barreda\" alt=\"\" srcset=\"https:\/\/www.tucsonmuseumofart.org\/wp-content\/uploads\/2026\/03\/95029011-618x705.jpg 618w, https:\/\/www.tucsonmuseumofart.org\/wp-content\/uploads\/2026\/03\/95029011-263x300.jpg 263w, https:\/\/www.tucsonmuseumofart.org\/wp-content\/uploads\/2026\/03\/95029011-902x1030.jpg 902w, https:\/\/www.tucsonmuseumofart.org\/wp-content\/uploads\/2026\/03\/95029011-768x877.jpg 768w, https:\/\/www.tucsonmuseumofart.org\/wp-content\/uploads\/2026\/03\/95029011-1346x1536.jpg 1346w, https:\/\/www.tucsonmuseumofart.org\/wp-content\/uploads\/2026\/03\/95029011-11x12.jpg 11w, https:\/\/www.tucsonmuseumofart.org\/wp-content\/uploads\/2026\/03\/95029011-1314x1500.jpg 1314w, https:\/\/www.tucsonmuseumofart.org\/wp-content\/uploads\/2026\/03\/95029011-450x514.jpg 450w, https:\/\/www.tucsonmuseumofart.org\/wp-content\/uploads\/2026\/03\/95029011.jpg 1794w\" sizes=\"(max-width: 618px) 100vw, 618px\" \/><\/div><\/div><figcaption class='av-inner-masonry-content site-background'><div class='av-inner-masonry-content-pos'><div class='av-inner-masonry-content-pos-content'><div class='avia-arrow'><\/div><h3 class='av-masonry-entry-title entry-title'  itemprop=\"headline\" >Another Frame: Lola \u00c1lvarez Bravo, Mariana Yampolsky, Graciela Iturbide, Flor Gardu\u00f1o<\/h3><div class='av-masonry-entry-content entry-content'  itemprop=\"text\" >April 02, 2026 \u2013 September 20, 2026<br \/>\r\nOn view in Kenneth and Judith Riskind\/Peter Salomon and Patricia Carr Morgan Gallery<\/div><\/div><\/div><\/figcaption><\/figure><\/a><!--end av-masonry entry--><a href=\"https:\/\/www.tucsonmuseumofart.org\/es\/exhibition\/vivamos-siempre-como-hermanos\/\"  id='av-masonry-1-item-44588' data-av-masonry-item='44588' class='av-masonry-entry isotope-item post-44588 exhibition type-exhibition status-publish format-standard has-post-thumbnail hentry exhibition-status-collection-exhibitions exhibition-status-current-exhibitions  av-masonry-item-with-image' title=\"Vivamos\"   itemscope=\"itemscope\" itemtype=\"https:\/\/schema.org\/CreativeWork\" ><div class='av-inner-masonry-sizer'><\/div><figure class='av-inner-masonry main_color'><div class=\"av-masonry-outerimage-container\"><div class='av-masonry-image-container'   ><img decoding=\"async\" width=\"705\" height=\"570\" class=\"wp-image-44589 avia-img-lazy-loading-not-44589\"  src=\"https:\/\/www.tucsonmuseumofart.org\/wp-content\/uploads\/2026\/03\/Vivamos-705x570.jpg\" title=\"Vivamos\" alt=\"\" srcset=\"https:\/\/www.tucsonmuseumofart.org\/wp-content\/uploads\/2026\/03\/Vivamos-705x570.jpg 705w, https:\/\/www.tucsonmuseumofart.org\/wp-content\/uploads\/2026\/03\/Vivamos-300x242.jpg 300w, https:\/\/www.tucsonmuseumofart.org\/wp-content\/uploads\/2026\/03\/Vivamos-768x621.jpg 768w, https:\/\/www.tucsonmuseumofart.org\/wp-content\/uploads\/2026\/03\/Vivamos-15x12.jpg 15w, https:\/\/www.tucsonmuseumofart.org\/wp-content\/uploads\/2026\/03\/Vivamos-495x400.jpg 495w, https:\/\/www.tucsonmuseumofart.org\/wp-content\/uploads\/2026\/03\/Vivamos-450x364.jpg 450w, https:\/\/www.tucsonmuseumofart.org\/wp-content\/uploads\/2026\/03\/Vivamos.jpg 845w\" sizes=\"(max-width: 705px) 100vw, 705px\" \/><\/div><\/div><figcaption class='av-inner-masonry-content site-background'><div class='av-inner-masonry-content-pos'><div class='av-inner-masonry-content-pos-content'><div class='avia-arrow'><\/div><h3 class='av-masonry-entry-title entry-title'  itemprop=\"headline\" >Vivamos Siempre Como Hermanos<\/h3><div class='av-masonry-entry-content entry-content'  itemprop=\"text\" >En curso<br \/>\r\nOn view in La Casa\u00a0Cordova\u00a0\u00a0<\/div><\/div><\/div><\/figcaption><\/figure><\/a><!--end av-masonry entry--><a href=\"https:\/\/www.tucsonmuseumofart.org\/es\/exhibition\/tucsons-changing-landscape\/\"  id='av-masonry-1-item-44584' data-av-masonry-item='44584' class='av-masonry-entry isotope-item post-44584 exhibition type-exhibition status-publish format-standard has-post-thumbnail hentry exhibition-status-collection-exhibitions exhibition-status-current-exhibitions  av-masonry-item-with-image' title=\"Tucsons Changing Landscape\"   itemscope=\"itemscope\" itemtype=\"https:\/\/schema.org\/CreativeWork\" ><div class='av-inner-masonry-sizer'><\/div><figure class='av-inner-masonry main_color'><div class=\"av-masonry-outerimage-container\"><div class='av-masonry-image-container'   ><img decoding=\"async\" width=\"705\" height=\"570\" class=\"wp-image-44585 avia-img-lazy-loading-not-44585\"  src=\"https:\/\/www.tucsonmuseumofart.org\/wp-content\/uploads\/2026\/03\/Tucsons-Changing-Landscape-705x570.jpg\" title=\"Tucsons Changing Landscape\" alt=\"\" srcset=\"https:\/\/www.tucsonmuseumofart.org\/wp-content\/uploads\/2026\/03\/Tucsons-Changing-Landscape-705x570.jpg 705w, https:\/\/www.tucsonmuseumofart.org\/wp-content\/uploads\/2026\/03\/Tucsons-Changing-Landscape-300x242.jpg 300w, https:\/\/www.tucsonmuseumofart.org\/wp-content\/uploads\/2026\/03\/Tucsons-Changing-Landscape-768x621.jpg 768w, https:\/\/www.tucsonmuseumofart.org\/wp-content\/uploads\/2026\/03\/Tucsons-Changing-Landscape-15x12.jpg 15w, https:\/\/www.tucsonmuseumofart.org\/wp-content\/uploads\/2026\/03\/Tucsons-Changing-Landscape-495x400.jpg 495w, https:\/\/www.tucsonmuseumofart.org\/wp-content\/uploads\/2026\/03\/Tucsons-Changing-Landscape-450x364.jpg 450w, https:\/\/www.tucsonmuseumofart.org\/wp-content\/uploads\/2026\/03\/Tucsons-Changing-Landscape.jpg 845w\" sizes=\"(max-width: 705px) 100vw, 705px\" \/><\/div><\/div><figcaption class='av-inner-masonry-content site-background'><div class='av-inner-masonry-content-pos'><div class='av-inner-masonry-content-pos-content'><div class='avia-arrow'><\/div><h3 class='av-masonry-entry-title entry-title'  itemprop=\"headline\" >Tucson\u2019s Changing Landscape<\/h3><div class='av-masonry-entry-content entry-content'  itemprop=\"text\" >En curso<br \/>\r\nOn view in La Casa\u00a0Cordova\u00a0\u00a0<\/div><\/div><\/div><\/figcaption><\/figure><\/a><!--end av-masonry entry--><a href=\"https:\/\/www.tucsonmuseumofart.org\/es\/exhibition\/el-nacimiento\/\"  id='av-masonry-1-item-44577' data-av-masonry-item='44577' class='av-masonry-entry isotope-item post-44577 exhibition type-exhibition status-publish format-standard has-post-thumbnail hentry exhibition-status-collection-exhibitions exhibition-status-current-exhibitions  av-masonry-item-with-image' title=\"Nacimiento\"   itemscope=\"itemscope\" itemtype=\"https:\/\/schema.org\/CreativeWork\" ><div class='av-inner-masonry-sizer'><\/div><figure class='av-inner-masonry main_color'><div class=\"av-masonry-outerimage-container\"><div class='av-masonry-image-container'   ><img decoding=\"async\" width=\"470\" height=\"705\" class=\"wp-image-44578 avia-img-lazy-loading-not-44578\"  src=\"https:\/\/www.tucsonmuseumofart.org\/wp-content\/uploads\/2026\/03\/Nacimiento-470x705.jpg\" title=\"Nacimiento\" alt=\"\" srcset=\"https:\/\/www.tucsonmuseumofart.org\/wp-content\/uploads\/2026\/03\/Nacimiento-470x705.jpg 470w, https:\/\/www.tucsonmuseumofart.org\/wp-content\/uploads\/2026\/03\/Nacimiento-200x300.jpg 200w, https:\/\/www.tucsonmuseumofart.org\/wp-content\/uploads\/2026\/03\/Nacimiento-687x1030.jpg 687w, https:\/\/www.tucsonmuseumofart.org\/wp-content\/uploads\/2026\/03\/Nacimiento-768x1152.jpg 768w, https:\/\/www.tucsonmuseumofart.org\/wp-content\/uploads\/2026\/03\/Nacimiento-1024x1536.jpg 1024w, https:\/\/www.tucsonmuseumofart.org\/wp-content\/uploads\/2026\/03\/Nacimiento-1365x2048.jpg 1365w, https:\/\/www.tucsonmuseumofart.org\/wp-content\/uploads\/2026\/03\/Nacimiento-8x12.jpg 8w, https:\/\/www.tucsonmuseumofart.org\/wp-content\/uploads\/2026\/03\/Nacimiento-1000x1500.jpg 1000w, https:\/\/www.tucsonmuseumofart.org\/wp-content\/uploads\/2026\/03\/Nacimiento-450x675.jpg 450w, https:\/\/www.tucsonmuseumofart.org\/wp-content\/uploads\/2026\/03\/Nacimiento-scaled.jpg 1707w\" sizes=\"(max-width: 470px) 100vw, 470px\" \/><\/div><\/div><figcaption class='av-inner-masonry-content site-background'><div class='av-inner-masonry-content-pos'><div class='av-inner-masonry-content-pos-content'><div class='avia-arrow'><\/div><h3 class='av-masonry-entry-title entry-title'  itemprop=\"headline\" >El Nacimiento<\/h3><div class='av-masonry-entry-content entry-content'  itemprop=\"text\" >Seasonal \u2013 November 11, 2026 \u2013 March 7, 2027<br \/>\r\nOn view in La Casa\u00a0Cordova\u00a0\u00a0<\/div><\/div><\/div><\/figcaption><\/figure><\/a><!--end av-masonry entry--><a href=\"https:\/\/www.tucsonmuseumofart.org\/es\/exhibition\/mask-of-many-stories\/\"  id='av-masonry-1-item-44126' data-av-masonry-item='44126' class='av-masonry-entry isotope-item post-44126 exhibition type-exhibition status-publish format-standard has-post-thumbnail hentry exhibition-status-collection-exhibitions exhibition-status-current-exhibitions  av-masonry-item-with-image' title=\"IMG_2332\"   itemscope=\"itemscope\" itemtype=\"https:\/\/schema.org\/CreativeWork\" ><div class='av-inner-masonry-sizer'><\/div><figure class='av-inner-masonry main_color'><div class=\"av-masonry-outerimage-container\"><div class='av-masonry-image-container'   ><img decoding=\"async\" width=\"705\" height=\"470\" class=\"wp-image-44127 avia-img-lazy-loading-not-44127\"  src=\"https:\/\/www.tucsonmuseumofart.org\/wp-content\/uploads\/2025\/12\/IMG_2332-705x470.jpg\" title=\"IMG_2332\" alt=\"\" srcset=\"https:\/\/www.tucsonmuseumofart.org\/wp-content\/uploads\/2025\/12\/IMG_2332-705x470.jpg 705w, https:\/\/www.tucsonmuseumofart.org\/wp-content\/uploads\/2025\/12\/IMG_2332-300x200.jpg 300w, https:\/\/www.tucsonmuseumofart.org\/wp-content\/uploads\/2025\/12\/IMG_2332-1030x687.jpg 1030w, https:\/\/www.tucsonmuseumofart.org\/wp-content\/uploads\/2025\/12\/IMG_2332-768x512.jpg 768w, https:\/\/www.tucsonmuseumofart.org\/wp-content\/uploads\/2025\/12\/IMG_2332-1536x1024.jpg 1536w, https:\/\/www.tucsonmuseumofart.org\/wp-content\/uploads\/2025\/12\/IMG_2332-2048x1365.jpg 2048w, https:\/\/www.tucsonmuseumofart.org\/wp-content\/uploads\/2025\/12\/IMG_2332-18x12.jpg 18w, https:\/\/www.tucsonmuseumofart.org\/wp-content\/uploads\/2025\/12\/IMG_2332-1500x1000.jpg 1500w, https:\/\/www.tucsonmuseumofart.org\/wp-content\/uploads\/2025\/12\/IMG_2332-450x300.jpg 450w\" sizes=\"(max-width: 705px) 100vw, 705px\" \/><\/div><\/div><figcaption class='av-inner-masonry-content site-background'><div class='av-inner-masonry-content-pos'><div class='av-inner-masonry-content-pos-content'><div class='avia-arrow'><\/div><h3 class='av-masonry-entry-title entry-title'  itemprop=\"headline\" >Jessica Gonzales: Mask of Many Stories<\/h3><div class='av-masonry-entry-content entry-content'  itemprop=\"text\" >December 2025 - December 2026<br \/>\r\nOn view in the Kasser Vestibule<\/div><\/div><\/div><\/figcaption><\/figure><\/a><!--end av-masonry entry--><a href=\"https:\/\/www.tucsonmuseumofart.org\/es\/exhibition\/the-west-multiplied-continuums-of-culture-community-and-material-el-oeste-multiplicado-continuidades-de-cultura-comunidad-y-materialidad\/\"  id='av-masonry-1-item-43831' data-av-masonry-item='43831' class='av-masonry-entry isotope-item post-43831 exhibition type-exhibition status-publish format-standard has-post-thumbnail hentry exhibition-status-collection-exhibitions exhibition-status-current-exhibitions  av-masonry-item-with-image' title=\"Beatty -Checking_the_Crop WEB\"   itemscope=\"itemscope\" itemtype=\"https:\/\/schema.org\/CreativeWork\" ><div class='av-inner-masonry-sizer'><\/div><figure class='av-inner-masonry main_color'><div class=\"av-masonry-outerimage-container\"><div class='av-masonry-image-container'   ><img decoding=\"async\" width=\"463\" height=\"705\" class=\"wp-image-43833 avia-img-lazy-loading-not-43833\"  src=\"https:\/\/www.tucsonmuseumofart.org\/wp-content\/uploads\/2025\/11\/Beatty-Checking_the_Crop-WEB-463x705.jpg\" title=\"Beatty -Checking_the_Crop WEB\" alt=\"\" srcset=\"https:\/\/www.tucsonmuseumofart.org\/wp-content\/uploads\/2025\/11\/Beatty-Checking_the_Crop-WEB-463x705.jpg 463w, https:\/\/www.tucsonmuseumofart.org\/wp-content\/uploads\/2025\/11\/Beatty-Checking_the_Crop-WEB-197x300.jpg 197w, https:\/\/www.tucsonmuseumofart.org\/wp-content\/uploads\/2025\/11\/Beatty-Checking_the_Crop-WEB-677x1030.jpg 677w, https:\/\/www.tucsonmuseumofart.org\/wp-content\/uploads\/2025\/11\/Beatty-Checking_the_Crop-WEB-768x1169.jpg 768w, https:\/\/www.tucsonmuseumofart.org\/wp-content\/uploads\/2025\/11\/Beatty-Checking_the_Crop-WEB-8x12.jpg 8w, https:\/\/www.tucsonmuseumofart.org\/wp-content\/uploads\/2025\/11\/Beatty-Checking_the_Crop-WEB-450x685.jpg 450w, https:\/\/www.tucsonmuseumofart.org\/wp-content\/uploads\/2025\/11\/Beatty-Checking_the_Crop-WEB.jpg 938w\" sizes=\"(max-width: 463px) 100vw, 463px\" \/><\/div><\/div><figcaption class='av-inner-masonry-content site-background'><div class='av-inner-masonry-content-pos'><div class='av-inner-masonry-content-pos-content'><div class='avia-arrow'><\/div><h3 class='av-masonry-entry-title entry-title'  itemprop=\"headline\" >The West Multiplied: Continuums of Culture, Community, and Material \/ El Oeste Multiplicado: Continuidades de Cultura, Comunidad y Materialidad<\/h3><div class='av-masonry-entry-content entry-content'  itemprop=\"text\" >Hamilton Gallery<br \/>\r\nNovember 6, 2025-Ongoing<\/div><\/div><\/div><\/figcaption><\/figure><\/a><!--end av-masonry entry--><a href=\"https:\/\/www.tucsonmuseumofart.org\/es\/exhibition\/condicion-humana-human-condition-modern-and-contemporary-latin-american-art-arte-latinoamericano-moderno-y-contemporaneo\/\"  id='av-masonry-1-item-42324' data-av-masonry-item='42324' class='av-masonry-entry isotope-item post-42324 exhibition type-exhibition status-publish format-standard has-post-thumbnail hentry exhibition-status-collection-exhibitions exhibition-status-current-exhibitions  av-masonry-item-with-image' title=\"200471 (web only)\"   itemscope=\"itemscope\" itemtype=\"https:\/\/schema.org\/CreativeWork\" ><div class='av-inner-masonry-sizer'><\/div><figure class='av-inner-masonry main_color'><div class=\"av-masonry-outerimage-container\"><div class='av-masonry-image-container'   ><img decoding=\"async\" width=\"699\" height=\"705\" class=\"wp-image-42325 avia-img-lazy-loading-not-42325\"  src=\"https:\/\/www.tucsonmuseumofart.org\/wp-content\/uploads\/2025\/04\/200471-web-only-699x705.jpg\" title=\"200471 (web only)\" alt=\"\" srcset=\"https:\/\/www.tucsonmuseumofart.org\/wp-content\/uploads\/2025\/04\/200471-web-only-699x705.jpg 699w, https:\/\/www.tucsonmuseumofart.org\/wp-content\/uploads\/2025\/04\/200471-web-only-298x300.jpg 298w, https:\/\/www.tucsonmuseumofart.org\/wp-content\/uploads\/2025\/04\/200471-web-only-1022x1030.jpg 1022w, https:\/\/www.tucsonmuseumofart.org\/wp-content\/uploads\/2025\/04\/200471-web-only-80x80.jpg 80w, https:\/\/www.tucsonmuseumofart.org\/wp-content\/uploads\/2025\/04\/200471-web-only-768x774.jpg 768w, https:\/\/www.tucsonmuseumofart.org\/wp-content\/uploads\/2025\/04\/200471-web-only-12x12.jpg 12w, https:\/\/www.tucsonmuseumofart.org\/wp-content\/uploads\/2025\/04\/200471-web-only-36x36.jpg 36w, https:\/\/www.tucsonmuseumofart.org\/wp-content\/uploads\/2025\/04\/200471-web-only-120x120.jpg 120w, https:\/\/www.tucsonmuseumofart.org\/wp-content\/uploads\/2025\/04\/200471-web-only-450x454.jpg 450w, https:\/\/www.tucsonmuseumofart.org\/wp-content\/uploads\/2025\/04\/200471-web-only-100x100.jpg 100w, https:\/\/www.tucsonmuseumofart.org\/wp-content\/uploads\/2025\/04\/200471-web-only.jpg 1390w\" sizes=\"(max-width: 699px) 100vw, 699px\" \/><\/div><\/div><figcaption class='av-inner-masonry-content site-background'><div class='av-inner-masonry-content-pos'><div class='av-inner-masonry-content-pos-content'><div class='avia-arrow'><\/div><h3 class='av-masonry-entry-title entry-title'  itemprop=\"headline\" >Human Condition: Modern and Contemporary Latin American Art \/ Condici\u00f3n Humana: Arte Latinoamericano Moderno y Contempor\u00e1neo<\/h3><div class='av-masonry-entry-content entry-content'  itemprop=\"text\" >Galer\u00eda Mary Jo Brown<br \/>\r\nAugust 23, 2025-Fall 2026<\/div><\/div><\/div><\/figcaption><\/figure><\/a><!--end av-masonry entry--><a href=\"https:\/\/www.tucsonmuseumofart.org\/es\/exhibition\/cut-and-paste-new-acquisitions-featuring-collage-works\/\"  id='av-masonry-1-item-42296' data-av-masonry-item='42296' class='av-masonry-entry isotope-item post-42296 exhibition type-exhibition status-publish format-standard has-post-thumbnail hentry exhibition-status-collection-exhibitions exhibition-status-current-exhibitions  av-masonry-item-with-image' title=\"202316 web only\"   itemscope=\"itemscope\" itemtype=\"https:\/\/schema.org\/CreativeWork\" ><div class='av-inner-masonry-sizer'><\/div><figure class='av-inner-masonry main_color'><div class=\"av-masonry-outerimage-container\"><div class='av-masonry-image-container'   ><img decoding=\"async\" width=\"521\" height=\"705\" class=\"wp-image-42297 avia-img-lazy-loading-not-42297\"  src=\"https:\/\/www.tucsonmuseumofart.org\/wp-content\/uploads\/2025\/04\/202316-web-only-521x705.jpg\" title=\"202316 web only\" alt=\"\" srcset=\"https:\/\/www.tucsonmuseumofart.org\/wp-content\/uploads\/2025\/04\/202316-web-only-521x705.jpg 521w, https:\/\/www.tucsonmuseumofart.org\/wp-content\/uploads\/2025\/04\/202316-web-only-222x300.jpg 222w, https:\/\/www.tucsonmuseumofart.org\/wp-content\/uploads\/2025\/04\/202316-web-only-9x12.jpg 9w, https:\/\/www.tucsonmuseumofart.org\/wp-content\/uploads\/2025\/04\/202316-web-only-450x609.jpg 450w, https:\/\/www.tucsonmuseumofart.org\/wp-content\/uploads\/2025\/04\/202316-web-only.jpg 628w\" sizes=\"(max-width: 521px) 100vw, 521px\" \/><\/div><\/div><figcaption class='av-inner-masonry-content site-background'><div class='av-inner-masonry-content-pos'><div class='av-inner-masonry-content-pos-content'><div class='avia-arrow'><\/div><h3 class='av-masonry-entry-title entry-title'  itemprop=\"headline\" >Cut and Paste: New Acquisitions Featuring Collage Works<\/h3><div class='av-masonry-entry-content entry-content'  itemprop=\"text\" >Galer\u00eda Jon y Linda Ender<br \/>\r\nSeptember 24, 2025-Fall 2026<\/div><\/div><\/div><\/figcaption><\/figure><\/a><!--end av-masonry entry--><\/div><\/div>\n\n<\/div><\/div><\/div><!-- close content main div --><\/div><\/div>\n<style type=\"text\/css\" data-created_by=\"avia_inline_auto\" id=\"style-css-av-3jt0o-cb58e4723a688308af10c19b07431e1e\">\n.avia-section.av-3jt0o-cb58e4723a688308af10c19b07431e1e .av-parallax .av-parallax-inner{\nbackground-repeat:no-repeat;\nbackground-image:url(https:\/\/www.tucsonmuseumofart.org\/wp-content\/uploads\/2013\/05\/Tucson-Museum-People-BW-scaled.jpg);\nbackground-position:50% 50%;\nbackground-attachment:scroll;\n}\n.avia-section.av-3jt0o-cb58e4723a688308af10c19b07431e1e .av-section-color-overlay{\nopacity:0.8;\nbackground-color:#000000;\n}\n<\/style>\n<div id='av_section_7'  class='avia-section av-3jt0o-cb58e4723a688308af10c19b07431e1e main_color avia-section-default avia-no-border-styling  avia-builder-el-27  el_after_av_section  avia-builder-el-last  av-parallax-section avia-bg-style-parallax av-section-color-overlay-active av-minimum-height av-minimum-height-100 av-height-100  container_wrap fullsize'  data-section-bg-repeat='no-repeat' data-av_minimum_height_pc='100' data-av_min_height_opt='100'><div class='av-parallax' data-avia-parallax-ratio='0.3' ><div class='av-parallax-inner main_color avia-full-stretch'><\/div><\/div><div class=\"av-section-color-overlay-wrap\"><div class=\"av-section-color-overlay\"><\/div><div class='container av-section-cont-open' ><div class='template-page content  av-content-full alpha units'><div class='post-entry post-entry-type-page post-entry-20'><div class='entry-content-wrapper clearfix'>\n\n<style type=\"text\/css\" data-created_by=\"avia_inline_auto\" id=\"style-css-av-2thn4-1fbb953238e369730b337d5a6c37bf08\">\n#top .av-special-heading.av-2thn4-1fbb953238e369730b337d5a6c37bf08{\npadding-bottom:30px;\ncolor:#ffffff;\nfont-size:40px;\n}\nbody .av-special-heading.av-2thn4-1fbb953238e369730b337d5a6c37bf08 .av-special-heading-tag .heading-char{\nfont-size:25px;\n}\n#top #wrap_all .av-special-heading.av-2thn4-1fbb953238e369730b337d5a6c37bf08 .av-special-heading-tag{\nfont-size:40px;\n}\n.av-special-heading.av-2thn4-1fbb953238e369730b337d5a6c37bf08 .special-heading-inner-border{\nborder-color:#ffffff;\n}\n.av-special-heading.av-2thn4-1fbb953238e369730b337d5a6c37bf08 .av-subheading{\nfont-size:20px;\n}\n\n@media only screen and (min-width: 480px) and (max-width: 767px){ \n#top #wrap_all .av-special-heading.av-2thn4-1fbb953238e369730b337d5a6c37bf08 .av-special-heading-tag{\nfont-size:0.8em;\n}\n}\n\n@media only screen and (max-width: 479px){ \n#top #wrap_all .av-special-heading.av-2thn4-1fbb953238e369730b337d5a6c37bf08 .av-special-heading-tag{\nfont-size:0.8em;\n}\n}\n<\/style>\n<div  class='av-special-heading av-2thn4-1fbb953238e369730b337d5a6c37bf08 av-special-heading-h1 custom-color-heading blockquote modern-quote modern-centered  avia-builder-el-28  el_before_av_button  avia-builder-el-first  av-inherit-size'><h1 class='av-special-heading-tag'  itemprop=\"headline\"  >Convi\u00e9rtase en miembro de TMA y explore, experimente y con\u00e9ctese<\/h1><div class=\"special-heading-border\"><div class=\"special-heading-inner-border\"><\/div><\/div><\/div>\n<div  class='avia-button-wrap av-2cvkk-87194aaf25803bdba8f7efd18ce87576-wrap avia-button-center  avia-builder-el-29  el_after_av_heading  avia-builder-el-last'><a href='https:\/\/www.tucsonmuseumofart.org\/es\/membership\/'  class='avia-button av-2cvkk-87194aaf25803bdba8f7efd18ce87576 avia-icon_select-no avia-size-large avia-position-center avia-color-light'  ><span class='avia_iconbox_title' >\u00danete a nosotros<\/span><\/a><\/div>","protected":false},"excerpt":{"rendered":"","protected":false},"author":177,"featured_media":0,"parent":0,"menu_order":0,"comment_status":"closed","ping_status":"closed","template":"","meta":{"_price":"","_stock":"","_tribe_ticket_header":"","_tribe_default_ticket_provider":"","_tribe_ticket_capacity":"0","_ticket_start_date":"","_ticket_end_date":"","_tribe_ticket_show_description":"","_tribe_ticket_show_not_going":false,"_tribe_ticket_use_global_stock":"","_tribe_ticket_global_stock_level":"","_global_stock_mode":"","_global_stock_cap":"","_tribe_rsvp_for_event":"","_tribe_ticket_going_count":"","_tribe_ticket_not_going_count":"","_tribe_tickets_list":"[]","_tribe_ticket_has_attendee_info_fields":false,"footnotes":""},"class_list":["post-20","page","type-page","status-publish","hentry"],"publishpress_future_action":{"enabled":false,"date":"2026-05-02 23:51:05","action":"change-status","newStatus":"draft","terms":[],"taxonomy":"","extraData":[]},"publishpress_future_workflow_manual_trigger":{"enabledWorkflows":[]},"_links":{"self":[{"href":"https:\/\/www.tucsonmuseumofart.org\/es\/wp-json\/wp\/v2\/pages\/20","targetHints":{"allow":["GET"]}}],"collection":[{"href":"https:\/\/www.tucsonmuseumofart.org\/es\/wp-json\/wp\/v2\/pages"}],"about":[{"href":"https:\/\/www.tucsonmuseumofart.org\/es\/wp-json\/wp\/v2\/types\/page"}],"author":[{"embeddable":true,"href":"https:\/\/www.tucsonmuseumofart.org\/es\/wp-json\/wp\/v2\/users\/177"}],"replies":[{"embeddable":true,"href":"https:\/\/www.tucsonmuseumofart.org\/es\/wp-json\/wp\/v2\/comments?post=20"}],"version-history":[{"count":16,"href":"https:\/\/www.tucsonmuseumofart.org\/es\/wp-json\/wp\/v2\/pages\/20\/revisions"}],"predecessor-version":[{"id":43306,"href":"https:\/\/www.tucsonmuseumofart.org\/es\/wp-json\/wp\/v2\/pages\/20\/revisions\/43306"}],"wp:attachment":[{"href":"https:\/\/www.tucsonmuseumofart.org\/es\/wp-json\/wp\/v2\/media?parent=20"}],"curies":[{"name":"wp","href":"https:\/\/api.w.org\/{rel}","templated":true}]}}