{"id":39,"date":"2016-08-10T17:22:12","date_gmt":"2016-08-10T21:22:12","guid":{"rendered":"https:\/\/www.tucsonmuseumofart.org\/?page_id=39"},"modified":"2021-08-04T22:06:22","modified_gmt":"2021-08-05T05:06:22","slug":"latin-american-art","status":"publish","type":"page","link":"https:\/\/www.tucsonmuseumofart.org\/es\/latin-american-art\/","title":{"rendered":"Arte latinoamericano"},"content":{"rendered":"<div id='av_section_1'  class='avia-section av-bp7ub-a5a25419eb64762a52fd8b018d39e77e main_color avia-section-default avia-no-border-styling  avia-builder-el-0  el_before_av_section  avia-builder-el-first  avia-bg-style-parallax av-minimum-height av-minimum-height-50 av-height-50  container_wrap fullsize'   data-av_minimum_height_pc='50' data-av_min_height_opt='50'><div class='container av-section-cont-open' ><main  role=\"main\" itemprop=\"mainContentOfPage\"  class='template-page content  av-content-full alpha units'><div class='post-entry post-entry-type-page post-entry-39'><div class='entry-content-wrapper clearfix'>\n\n<style type=\"text\/css\" data-created_by=\"avia_inline_auto\" id=\"style-css-av-b6e2b-4e411479ebf7276b197e48155fb3eeaa\">\n#top .av-special-heading.av-b6e2b-4e411479ebf7276b197e48155fb3eeaa{\npadding-bottom:0;\nfont-size:40px;\n}\nbody .av-special-heading.av-b6e2b-4e411479ebf7276b197e48155fb3eeaa .av-special-heading-tag .heading-char{\nfont-size:25px;\n}\n#top #wrap_all .av-special-heading.av-b6e2b-4e411479ebf7276b197e48155fb3eeaa .av-special-heading-tag{\nfont-size:40px;\n}\n.av-special-heading.av-b6e2b-4e411479ebf7276b197e48155fb3eeaa .av-subheading{\nfont-size:20px;\n}\n\n@media only screen and (min-width: 480px) and (max-width: 767px){ \n#top #wrap_all .av-special-heading.av-b6e2b-4e411479ebf7276b197e48155fb3eeaa .av-special-heading-tag{\nfont-size:0.8em;\n}\n}\n\n@media only screen and (max-width: 479px){ \n#top #wrap_all .av-special-heading.av-b6e2b-4e411479ebf7276b197e48155fb3eeaa .av-special-heading-tag{\nfont-size:0.8em;\n}\n}\n<\/style>\n<div  class='av-special-heading av-b6e2b-4e411479ebf7276b197e48155fb3eeaa av-special-heading-h1 custom-color-heading blockquote modern-quote modern-centered  avia-builder-el-1  avia-builder-el-no-sibling  av-inherit-size'><h1 class='av-special-heading-tag'  itemprop=\"headline\"  >Arte latinoamericano | arte latinoamericano<\/h1><div class=\"special-heading-border\"><div class=\"special-heading-inner-border\"><\/div><\/div><\/div>\n\n<\/div><\/div><\/main><!-- close content main element --><\/div><\/div><div id='av_section_2'  class='avia-section av-afbiz-c9469df61a8d4c431ba2c9d9529e30f9 main_color avia-section-default avia-no-shadow  avia-builder-el-2  el_after_av_section  el_before_av_section  avia-bg-style-scroll container_wrap fullsize'  ><div class='container av-section-cont-open' ><div class='template-page content  av-content-full alpha units'><div class='post-entry post-entry-type-page post-entry-39'><div class='entry-content-wrapper clearfix'>\n\n<style type=\"text\/css\" data-created_by=\"avia_inline_auto\" id=\"style-css-av-9no5n-bd37b54a101a0dbec48fb93fe19351fb\">\n.flex_column.av-9no5n-bd37b54a101a0dbec48fb93fe19351fb{\nborder-radius:0px 0px 0px 0px;\npadding:0px 0px 0px 0px;\n}\n<\/style>\n<div  class='flex_column av-9no5n-bd37b54a101a0dbec48fb93fe19351fb av_one_half  avia-builder-el-3  el_before_av_one_half  avia-builder-el-first  first flex_column_div av-zero-column-padding'     ><p><section  class='av_textblock_section av-90sbb-cce9f3d9014e9b9a63a114dc15da941c'   itemscope=\"itemscope\" itemtype=\"https:\/\/schema.org\/CreativeWork\" ><div class='avia_textblock'  itemprop=\"text\" ><p>Las posesiones latinoamericanas del museo abarcan m\u00e1s de tres milenios e incluyen m\u00e1s de 4000 obras de arte. Esta amplia colecci\u00f3n se compone de Arte de las Am\u00e9ricas antiguas (antes de aproximadamente 1521 d. C.), Arte colonial latinoamericano (siglos XVI al XIX), Arte popular latinoamericano (principalmente representado por los siglos XX y XXI) y Arte moderno y contempor\u00e1neo ( siglos XX y XXI). Representando una amplia gama de influencias regionales, artistas, medios y objetos, incluidos retratos Moche, pinturas devocionales religiosas, artes decorativas, vasijas mayas para beber, videoarte, escultura, entre otros, la colecci\u00f3n de Arte Latinoamericano cuenta historias de artistas de los Estados Unidos. continente a trav\u00e9s del tiempo. Estas obras son particularmente relevantes para el museo dado su contexto en la zona fronteriza del sur de Arizona.<\/p>\n<p>En 2020, el museo inaugur\u00f3 la nueva Ala de Arte Latinoamericano de la Familia Kasser, una adici\u00f3n de m\u00e1s de 6000 pies cuadrados al campus del museo que celebra los logros de los artistas de las Am\u00e9ricas desde la antig\u00fcedad hasta el presente. Curadas en colaboraci\u00f3n con un comit\u00e9 asesor de la comunidad, las exhibiciones en este espacio presentan el arte latinoamericano de una manera que reconoce la agencia de los artistas ind\u00edgenas y amplifica las voces de los miembros de la comunidad que generosamente comparten sus perspectivas sobre el arte de la regi\u00f3n.<\/p>\n<p>Las obras de arte de la colecci\u00f3n TMA se conservan para el beneficio de nuestra comunidad, y el museo toma decisiones cuidadosas con respecto a la adquisici\u00f3n de cada obra que custodiamos. Al evaluar la idoneidad de una obra de arte para el museo, TMA considera cuestiones tales como el historial de propiedad de un objeto, as\u00ed como su historial de exhibici\u00f3n y publicaci\u00f3n. Para obtener m\u00e1s informaci\u00f3n sobre las pol\u00edticas de recolecci\u00f3n de TMA, <a href=\"https:\/\/www.tucsonmuseumofart.org\/wp-content\/uploads\/2021\/03\/Acquisitions-Policy-for-Website.pdf\">haga clic aqu\u00ed<\/a>.<\/p>\n<hr \/>\n<p>La colecci\u00f3n de arte latinoamericano coleccionada por el museo consta de m\u00e1s de 4.000 obras que datan de m\u00e1s de tres milenios. Esta extensa colecci\u00f3n est\u00e1 compuesta por Arte de las Am\u00e9ricas Antiguas (aproximadamente 1521 DC), Arte Colonial Latinoamericano (siglos XVI al XIX), Arte Popular Latinoamericano (representado principalmente por los siglos XX y XXI) y Arte Moderno y Contempor\u00e1neo (Siglos XX y XXI ). Esta representa una amplia gama de influencias regionales, artistas, medios y objetos, incluyendo a los retratos Moche, pinturas religiosas devocionales, artes decorativas, vasos mayas, videoarte, escultura, entre otros. La colecci\u00f3n de arte continente latinoamericano cuenta historias de artistas del americano, a trav\u00e9s del tiempo. Estas obras son particularmente relevantes para el museo, tomando en cuenta el contexto en la zona fronteriza del sur de Arizona.<\/p>\n<p>En 2020, el museo inaugur\u00f3 la nueva Ala de Arte Latinoamericano de la Familia Kasser, un edificio que contribuy\u00f3 con m\u00e1s de 6,000 pies cuadrados al campus del museo. Este espacio celebra los logros de los artistas de las Am\u00e9ricas, desde la antig\u00fcedad hasta el presente. Las obras fueron curadas con la colaboraci\u00f3n de un comit\u00e9 asesor comunitario. Las exposiciones en este espacio presentan el arte latinoamericano y reconocen la representaci\u00f3n de artistas ind\u00edgenas, amplificando las voces de los miembros de la comunidad que comparten generosamente sus perspectivas sobre el arte de la regi\u00f3n.<\/p>\n<p>Las obras de arte de la colecci\u00f3n de TMA se conservan para el beneficio de nuestra comunidad. El museo toma decisiones cuidadosas con respecto a la adquisici\u00f3n de cada obra que es administrada, evaluando su adecuaci\u00f3n. Para ello, este considera cuestiones tales como el historial de propiedad, exhibici\u00f3n y publicaci\u00f3n del objeto.<\/p>\n<p><strong>\u00a0<\/strong><\/p>\n<\/div><\/section><br \/>\n\n<style type=\"text\/css\" data-created_by=\"avia_inline_auto\" id=\"style-css-av-8pvvj-99cdf84f9d6b000b52c096a2dadf80de\">\n#top .hr.hr-invisible.av-8pvvj-99cdf84f9d6b000b52c096a2dadf80de{\nheight:20px;\n}\n<\/style>\n<div  class='hr av-8pvvj-99cdf84f9d6b000b52c096a2dadf80de hr-invisible  avia-builder-el-5  el_after_av_textblock  el_before_av_button'><span class='hr-inner'><span class=\"hr-inner-style\"><\/span><\/span><\/div><br \/>\n<div  class='avia-button-wrap av-7xxs3-950b75ec1d6c8346d4661996053c9606-wrap avia-button-center  avia-builder-el-6  el_after_av_hr  avia-builder-el-last'><a href='http:\/\/tucsonmuseumofart.pastperfectonline.com\/search' class='avia-button av-7xxs3-950b75ec1d6c8346d4661996053c9606 avia-icon_select-no avia-size-large avia-position-center avia-color-dark' target=\"_blank\" rel=\"noopener noreferrer\"><span class='avia_iconbox_title' >Colecci\u00f3n de b\u00fasqueda<\/span><\/a><\/div><\/p><\/div>\n<style type=\"text\/css\" data-created_by=\"avia_inline_auto\" id=\"style-css-av-7h0d7-384d0b8b9b28547ae0a60bbfb7285e87\">\n.flex_column.av-7h0d7-384d0b8b9b28547ae0a60bbfb7285e87{\nborder-radius:0px 0px 0px 0px;\npadding:0px 0px 0px 0px;\n}\n<\/style>\n<div  class='flex_column av-7h0d7-384d0b8b9b28547ae0a60bbfb7285e87 av_one_half  avia-builder-el-7  el_after_av_one_half  avia-builder-el-last  flex_column_div av-zero-column-padding'     ><p>\n<style type=\"text\/css\" data-created_by=\"avia_inline_auto\" id=\"style-css-av-6m6c3-6ceb982fd9eb4ae66edd5b290b4fd8ed\">\n.avia-image-container.av-6m6c3-6ceb982fd9eb4ae66edd5b290b4fd8ed img.avia_image{\nbox-shadow:none;\n}\n.avia-image-container.av-6m6c3-6ceb982fd9eb4ae66edd5b290b4fd8ed .av-image-caption-overlay-center{\ncolor:#ffffff;\n}\n<\/style>\n<div  class='avia-image-container av-6m6c3-6ceb982fd9eb4ae66edd5b290b4fd8ed av-styling-no-styling avia-align-center  avia-builder-el-8  el_before_av_textblock  avia-builder-el-first'   itemprop=\"image\" itemscope=\"itemscope\" itemtype=\"https:\/\/schema.org\/ImageObject\" ><div class=\"avia-image-container-inner\"><div class=\"avia-image-overlay-wrap\"><img decoding=\"async\" class='wp-image-21231 avia-img-lazy-loading-not-21231 avia_image' src=\"https:\/\/www.tucsonmuseumofart.org\/wp-content\/uploads\/2021\/03\/1998325.jpg\" alt='' title='1998325'  height=\"850\" width=\"596\"  itemprop=\"thumbnailUrl\" srcset=\"https:\/\/www.tucsonmuseumofart.org\/wp-content\/uploads\/2021\/03\/1998325.jpg 596w, https:\/\/www.tucsonmuseumofart.org\/wp-content\/uploads\/2021\/03\/1998325-450x642.jpg 450w, https:\/\/www.tucsonmuseumofart.org\/wp-content\/uploads\/2021\/03\/1998325-210x300.jpg 210w, https:\/\/www.tucsonmuseumofart.org\/wp-content\/uploads\/2021\/03\/1998325-494x705.jpg 494w\" sizes=\"(max-width: 596px) 100vw, 596px\" \/><\/div><\/div><\/div><br \/>\n\n<style type=\"text\/css\" data-created_by=\"avia_inline_auto\" id=\"style-css-av-k6lb0uho-54a00e5f71b91c6785051f330694f573\">\n#top .av_textblock_section.av-k6lb0uho-54a00e5f71b91c6785051f330694f573 .avia_textblock{\nfont-size:10px;\n}\n<\/style>\n<section  class='av_textblock_section av-k6lb0uho-54a00e5f71b91c6785051f330694f573'   itemscope=\"itemscope\" itemtype=\"https:\/\/schema.org\/CreativeWork\" ><div class='avia_textblock'  itemprop=\"text\" ><p>Francisco Chivantito Inka, Per\u00fa, <em>Virgen del Rosario con Santos Domingo y Francisco<\/em>, 1690 - 1710, \u00f3leo sobre lienzo. Colecci\u00f3n del Museo de Arte de Tucson. Fondo Virginia Johnson. 1998.325.<\/p>\n<\/div><\/section><\/p><\/div>\n\n<\/div><\/div><\/div><!-- close content main div --><\/div><\/div>\n<style type=\"text\/css\" data-created_by=\"avia_inline_auto\" id=\"style-css-av-66z43-b593328e2526079e771bd45bf466e2b3\">\n.avia-section.av-66z43-b593328e2526079e771bd45bf466e2b3{\nbackground-color:#000000;\nbackground-image:unset;\n}\n<\/style>\n<div id='av_section_3'  class='avia-section av-66z43-b593328e2526079e771bd45bf466e2b3 main_color avia-section-default avia-no-border-styling  avia-builder-el-10  el_after_av_section  el_before_av_section  avia-bg-style-parallax av-minimum-height av-minimum-height-50 av-height-50  container_wrap fullsize'   data-av_minimum_height_pc='50' data-av_min_height_opt='50'><div class='container av-section-cont-open' ><div class='template-page content  av-content-full alpha units'><div class='post-entry post-entry-type-page post-entry-39'><div class='entry-content-wrapper clearfix'>\n<div id='av-masonry-1' class='av-masonry av-5ucen-dec1d3d688a3965a21bc6ab607320345 noHover av-fixed-size av-large-gap av-hover-overlay- av-masonry-animation-active av-masonry-col-6 av-caption-always av-caption-style- av-masonry-gallery' data-post_id=\"39\"><div class=\"av-masonry-container isotope av-js-disabled\"><div class='av-masonry-entry isotope-item av-masonry-item-no-image'><\/div><a href=\"https:\/\/www.tucsonmuseumofart.org\/wp-content\/uploads\/2021\/08\/197218-1030x978.jpg\" data-srcset=\"https:\/\/www.tucsonmuseumofart.org\/wp-content\/uploads\/2021\/08\/197218-1030x978.jpg 1030w, https:\/\/www.tucsonmuseumofart.org\/wp-content\/uploads\/2021\/08\/197218-450x427.jpg 450w, https:\/\/www.tucsonmuseumofart.org\/wp-content\/uploads\/2021\/08\/197218-300x285.jpg 300w, https:\/\/www.tucsonmuseumofart.org\/wp-content\/uploads\/2021\/08\/197218-768x729.jpg 768w, https:\/\/www.tucsonmuseumofart.org\/wp-content\/uploads\/2021\/08\/197218-1536x1458.jpg 1536w, https:\/\/www.tucsonmuseumofart.org\/wp-content\/uploads\/2021\/08\/197218-2048x1944.jpg 2048w, https:\/\/www.tucsonmuseumofart.org\/wp-content\/uploads\/2021\/08\/197218-1500x1424.jpg 1500w, https:\/\/www.tucsonmuseumofart.org\/wp-content\/uploads\/2021\/08\/197218-705x669.jpg 705w\" data-sizes=\"(max-width: 1030px) 100vw, 1030px\"  aria-label=\"image Cultura Wari, Costa Sur del Per\u00fa, 500-800, T\u00fanica con motivos antropomorfos y zoomorfos muy estilizados, algod\u00f3n te\u00f1ido y fibras de cam\u00e9lidos. Donaci\u00f3n de Frederick R. Pleasants. 1972.18\"  id='av-masonry-1-item-22881' data-av-masonry-item='22881' class='av-masonry-entry isotope-item post-22881 attachment type-attachment status-inherit hentry  av-masonry-item-with-image' title=\"Cultura Wari, Costa Sur del Per\u00fa, 500-800, T\u00fanica con Motivos Antropom\u00f3rficos y Zoomorficos Muy Estilizados, algod\u00f3n te\u00f1ido y fibras de cam\u00e9lidos. Donaci\u00f3n de Frederick R. Pleasants. 1972.18\" alt=\"\"    itemprop=\"thumbnailUrl\" ><div class='av-inner-masonry-sizer'><\/div><figure class='av-inner-masonry main_color'><div class=\"av-masonry-outerimage-container\"><div class='av-masonry-image-container' style=\"background-image: url(https:\/\/www.tucsonmuseumofart.org\/wp-content\/uploads\/2021\/08\/197218-705x669.jpg);\"  title=\"Cultura Wari, Costa Sur del Per\u00fa, 500-800, T\u00fanica con Motivos Antropom\u00f3rficos y Zoomorficos Muy Estilizados, algod\u00f3n te\u00f1ido y fibras de cam\u00e9lidos. Donaci\u00f3n de Frederick R. Pleasants. 1972.18\"  ><\/div><\/div><\/figure><\/a><!--end av-masonry entry--><a href=\"https:\/\/www.tucsonmuseumofart.org\/wp-content\/uploads\/2021\/08\/2020283-1030x687.jpg\" data-srcset=\"https:\/\/www.tucsonmuseumofart.org\/wp-content\/uploads\/2021\/08\/2020283-1030x687.jpg 1030w, https:\/\/www.tucsonmuseumofart.org\/wp-content\/uploads\/2021\/08\/2020283-450x300.jpg 450w, https:\/\/www.tucsonmuseumofart.org\/wp-content\/uploads\/2021\/08\/2020283-300x200.jpg 300w, https:\/\/www.tucsonmuseumofart.org\/wp-content\/uploads\/2021\/08\/2020283-768x512.jpg 768w, https:\/\/www.tucsonmuseumofart.org\/wp-content\/uploads\/2021\/08\/2020283-1536x1024.jpg 1536w, https:\/\/www.tucsonmuseumofart.org\/wp-content\/uploads\/2021\/08\/2020283-2048x1365.jpg 2048w, https:\/\/www.tucsonmuseumofart.org\/wp-content\/uploads\/2021\/08\/2020283-1500x1000.jpg 1500w, https:\/\/www.tucsonmuseumofart.org\/wp-content\/uploads\/2021\/08\/2020283-705x470.jpg 705w\" data-sizes=\"(max-width: 1030px) 100vw, 1030px\"  aria-label=\"imagen Ocumicho, Michoac\u00e1n, M\u00e9xico, siglo XX, Tanque del Ej\u00e9rcito, arcilla, pigmento. Regalo de Linda Caplan. 2020.28.3\"  id='av-masonry-1-item-22884' data-av-masonry-item='22884' class='av-masonry-entry isotope-item post-22884 attachment type-attachment status-inherit hentry  av-masonry-item-with-image' title=\"Ocumicho, Michoac\u00e1n, M\u00e9xico, siglo XX, Tanque del Ej\u00e9rcito, arcilla, pigmento. Regalo de Linda Caplan. 2020.28.3\" alt=\"\"    itemprop=\"thumbnailUrl\" ><div class='av-inner-masonry-sizer'><\/div><figure class='av-inner-masonry main_color'><div class=\"av-masonry-outerimage-container\"><div class='av-masonry-image-container' style=\"background-image: url(https:\/\/www.tucsonmuseumofart.org\/wp-content\/uploads\/2021\/08\/2020283-705x470.jpg);\"  title=\"Ocumicho, Michoac\u00e1n, M\u00e9xico, siglo XX, Tanque del Ej\u00e9rcito, arcilla, pigmento. Regalo de Linda Caplan. 2020.28.3\"  ><\/div><\/div><\/figure><\/a><!--end av-masonry entry--><a href=\"https:\/\/www.tucsonmuseumofart.org\/wp-content\/uploads\/2021\/08\/197728-763x1030.jpg\" data-srcset=\"https:\/\/www.tucsonmuseumofart.org\/wp-content\/uploads\/2021\/08\/197728-763x1030.jpg 763w, https:\/\/www.tucsonmuseumofart.org\/wp-content\/uploads\/2021\/08\/197728-450x607.jpg 450w, https:\/\/www.tucsonmuseumofart.org\/wp-content\/uploads\/2021\/08\/197728-222x300.jpg 222w, https:\/\/www.tucsonmuseumofart.org\/wp-content\/uploads\/2021\/08\/197728-768x1037.jpg 768w, https:\/\/www.tucsonmuseumofart.org\/wp-content\/uploads\/2021\/08\/197728-1138x1536.jpg 1138w, https:\/\/www.tucsonmuseumofart.org\/wp-content\/uploads\/2021\/08\/197728-1517x2048.jpg 1517w, https:\/\/www.tucsonmuseumofart.org\/wp-content\/uploads\/2021\/08\/197728-1111x1500.jpg 1111w, https:\/\/www.tucsonmuseumofart.org\/wp-content\/uploads\/2021\/08\/197728-522x705.jpg 522w, https:\/\/www.tucsonmuseumofart.org\/wp-content\/uploads\/2021\/08\/197728-scaled.jpg 1897w\" data-sizes=\"(max-width: 763px) 100vw, 763px\"  aria-label=\"imagen Jos\u00e9 Gil de Castro, Retrato de la se\u00f1orita Do\u00f1a Carlota Caspe y Rodr\u00edguez a los diez a\u00f1os, 1816, \u00f3leo sobre lienzo. Donaci\u00f3n de Frederick R. Pleasants, 1977.28.\"  id='av-masonry-1-item-22882' data-av-masonry-item='22882' class='av-masonry-entry isotope-item post-22882 attachment type-attachment status-inherit hentry  av-masonry-item-with-image' title=\"Jos\u00e9 Gil de Castro, Retrato de la se\u00f1orita Do\u00f1a Carlota Caspe y Rodr\u00edguez a los diez a\u00f1os, 1816, \u00f3leo sobre lienzo. Donaci\u00f3n de Frederick R. Pleasants, 1977.28.\" alt=\"\"    itemprop=\"thumbnailUrl\" ><div class='av-inner-masonry-sizer'><\/div><figure class='av-inner-masonry main_color'><div class=\"av-masonry-outerimage-container\"><div class='av-masonry-image-container' style=\"background-image: url(https:\/\/www.tucsonmuseumofart.org\/wp-content\/uploads\/2021\/08\/197728-522x705.jpg);\"  title=\"Jos\u00e9 Gil de Castro, Retrato de la se\u00f1orita Do\u00f1a Carlota Caspe y Rodr\u00edguez a los diez a\u00f1os, 1816, \u00f3leo sobre lienzo. Donaci\u00f3n de Frederick R. Pleasants, 1977.28.\"  ><\/div><\/div><\/figure><\/a><!--end av-masonry entry--><a href=\"https:\/\/www.tucsonmuseumofart.org\/wp-content\/uploads\/2021\/08\/1976301-916x1030.jpg\" data-srcset=\"https:\/\/www.tucsonmuseumofart.org\/wp-content\/uploads\/2021\/08\/1976301-916x1030.jpg 916w, https:\/\/www.tucsonmuseumofart.org\/wp-content\/uploads\/2021\/08\/1976301-450x506.jpg 450w, https:\/\/www.tucsonmuseumofart.org\/wp-content\/uploads\/2021\/08\/1976301-267x300.jpg 267w, https:\/\/www.tucsonmuseumofart.org\/wp-content\/uploads\/2021\/08\/1976301-768x863.jpg 768w, https:\/\/www.tucsonmuseumofart.org\/wp-content\/uploads\/2021\/08\/1976301-1367x1536.jpg 1367w, https:\/\/www.tucsonmuseumofart.org\/wp-content\/uploads\/2021\/08\/1976301-1822x2048.jpg 1822w, https:\/\/www.tucsonmuseumofart.org\/wp-content\/uploads\/2021\/08\/1976301-1335x1500.jpg 1335w, https:\/\/www.tucsonmuseumofart.org\/wp-content\/uploads\/2021\/08\/1976301-627x705.jpg 627w\" data-sizes=\"(max-width: 916px) 100vw, 916px\"  aria-label=\"imagen Fernando Botero, Marinero, 1969, \u00f3leo sobre lienzo. Donaci\u00f3n de la Fundaci\u00f3n Heller, Washington DC, en memoria de Lawrence J. Heller. 1976.301\"  id='av-masonry-1-item-22883' data-av-masonry-item='22883' class='av-masonry-entry isotope-item post-22883 attachment type-attachment status-inherit hentry  av-masonry-item-with-image' title=\"Fernando Botero, Marinero, 1969, \u00f3leo sobre lienzo. Donaci\u00f3n de la Fundaci\u00f3n Heller, Washington DC, en memoria de Lawrence J. Heller. 1976.301\" alt=\"\"    itemprop=\"thumbnailUrl\" ><div class='av-inner-masonry-sizer'><\/div><figure class='av-inner-masonry main_color'><div class=\"av-masonry-outerimage-container\"><div class='av-masonry-image-container' style=\"background-image: url(https:\/\/www.tucsonmuseumofart.org\/wp-content\/uploads\/2021\/08\/1976301-627x705.jpg);\"  title=\"Fernando Botero, Marinero, 1969, \u00f3leo sobre lienzo. Donaci\u00f3n de la Fundaci\u00f3n Heller, Washington DC, en memoria de Lawrence J. Heller. 1976.301\"  ><\/div><\/div><\/figure><\/a><!--end av-masonry entry--><a href=\"https:\/\/www.tucsonmuseumofart.org\/wp-content\/uploads\/2021\/08\/197128-668x1030.jpg\" data-srcset=\"https:\/\/www.tucsonmuseumofart.org\/wp-content\/uploads\/2021\/08\/197128-668x1030.jpg 668w, https:\/\/www.tucsonmuseumofart.org\/wp-content\/uploads\/2021\/08\/197128-450x694.jpg 450w, https:\/\/www.tucsonmuseumofart.org\/wp-content\/uploads\/2021\/08\/197128-194x300.jpg 194w, https:\/\/www.tucsonmuseumofart.org\/wp-content\/uploads\/2021\/08\/197128-768x1185.jpg 768w, https:\/\/www.tucsonmuseumofart.org\/wp-content\/uploads\/2021\/08\/197128-996x1536.jpg 996w, https:\/\/www.tucsonmuseumofart.org\/wp-content\/uploads\/2021\/08\/197128-1327x2048.jpg 1327w, https:\/\/www.tucsonmuseumofart.org\/wp-content\/uploads\/2021\/08\/197128-972x1500.jpg 972w, https:\/\/www.tucsonmuseumofart.org\/wp-content\/uploads\/2021\/08\/197128-457x705.jpg 457w, https:\/\/www.tucsonmuseumofart.org\/wp-content\/uploads\/2021\/08\/197128-scaled.jpg 1659w\" data-sizes=\"(max-width: 668px) 100vw, 668px\"  aria-label=\"image Veracruz, M\u00e9xico, 700-900 d.C., Palma con Diver, piedra. Donaci\u00f3n de Frederick R. Pleasants, 1971.28\"  id='av-masonry-1-item-22886' data-av-masonry-item='22886' class='av-masonry-entry isotope-item post-22886 attachment type-attachment status-inherit hentry  av-masonry-item-with-image' title=\"Veracruz, M\u00e9xico, 700-900 dC, Palma con Diver, piedra. Donaci\u00f3n de Frederick R. Pleasants, 1971.28\" alt=\"\"    itemprop=\"thumbnailUrl\" ><div class='av-inner-masonry-sizer'><\/div><figure class='av-inner-masonry main_color'><div class=\"av-masonry-outerimage-container\"><div class='av-masonry-image-container' style=\"background-image: url(https:\/\/www.tucsonmuseumofart.org\/wp-content\/uploads\/2021\/08\/197128-457x705.jpg);\"  title=\"Veracruz, M\u00e9xico, 700-900 dC, Palma con Diver, piedra. Donaci\u00f3n de Frederick R. Pleasants, 1971.28\"  ><\/div><\/div><\/figure><\/a><!--end av-masonry entry--><a href=\"https:\/\/www.tucsonmuseumofart.org\/wp-content\/uploads\/2021\/08\/19881-1030x820.jpg\" data-srcset=\"https:\/\/www.tucsonmuseumofart.org\/wp-content\/uploads\/2021\/08\/19881-1030x820.jpg 1030w, https:\/\/www.tucsonmuseumofart.org\/wp-content\/uploads\/2021\/08\/19881-450x358.jpg 450w, https:\/\/www.tucsonmuseumofart.org\/wp-content\/uploads\/2021\/08\/19881-300x239.jpg 300w, https:\/\/www.tucsonmuseumofart.org\/wp-content\/uploads\/2021\/08\/19881-768x612.jpg 768w, https:\/\/www.tucsonmuseumofart.org\/wp-content\/uploads\/2021\/08\/19881-1536x1223.jpg 1536w, https:\/\/www.tucsonmuseumofart.org\/wp-content\/uploads\/2021\/08\/19881-2048x1631.jpg 2048w, https:\/\/www.tucsonmuseumofart.org\/wp-content\/uploads\/2021\/08\/19881-1500x1195.jpg 1500w, https:\/\/www.tucsonmuseumofart.org\/wp-content\/uploads\/2021\/08\/19881-705x561.jpg 705w\" data-sizes=\"(max-width: 1030px) 100vw, 1030px\"  aria-label=\"imagen Artista desconocido, Escuela del Cuzco, Per\u00fa, Siglo XVIII, San Apolonio, \u00f3leo sobre lienzo. Obsequio del Sr. Joseph Arnold. 1988.1\"  id='av-masonry-1-item-22885' data-av-masonry-item='22885' class='av-masonry-entry isotope-item post-22885 attachment type-attachment status-inherit hentry  av-masonry-item-with-image' title=\"Artista Desconocido, Escuela de Cuzco, Per\u00fa, Siglo XVIII, San Apolonio, \u00f3leo sobre lienzo. Donaci\u00f3n del Sr. Joseph Arnold. 1988.1\" alt=\"\"    itemprop=\"thumbnailUrl\" ><div class='av-inner-masonry-sizer'><\/div><figure class='av-inner-masonry main_color'><div class=\"av-masonry-outerimage-container\"><div class='av-masonry-image-container' style=\"background-image: url(https:\/\/www.tucsonmuseumofart.org\/wp-content\/uploads\/2021\/08\/19881-705x561.jpg);\"  title=\"Artista Desconocido, Escuela de Cuzco, Per\u00fa, Siglo XVIII, San Apolonio, \u00f3leo sobre lienzo. Donaci\u00f3n del Sr. Joseph Arnold. 1988.1\"  ><\/div><\/div><\/figure><\/a><!--end av-masonry entry--><\/div><\/div>\n\n<\/div><\/div><\/div><!-- close content main div --><\/div><\/div><div id='av_section_4'  class='avia-section av-58vn7-e1d0fc01a653082138c3ac03189bde93 main_color avia-section-default avia-no-border-styling  avia-builder-el-12  el_after_av_section  el_before_av_section  avia-bg-style-scroll container_wrap fullsize'  ><div class='container av-section-cont-open' ><div class='template-page content  av-content-full alpha units'><div class='post-entry post-entry-type-page post-entry-39'><div class='entry-content-wrapper clearfix'>\n\n<style type=\"text\/css\" data-created_by=\"avia_inline_auto\" id=\"style-css-av-4998j-7bdda413b4b13e7f49ed98fea6a9c1f0\">\n#top .av-special-heading.av-4998j-7bdda413b4b13e7f49ed98fea6a9c1f0{\npadding-bottom:50px;\n}\nbody .av-special-heading.av-4998j-7bdda413b4b13e7f49ed98fea6a9c1f0 .av-special-heading-tag .heading-char{\nfont-size:25px;\n}\n.av-special-heading.av-4998j-7bdda413b4b13e7f49ed98fea6a9c1f0 .av-subheading{\nfont-size:15px;\n}\n<\/style>\n<div  class='av-special-heading av-4998j-7bdda413b4b13e7f49ed98fea6a9c1f0 av-special-heading-h2 blockquote modern-quote modern-centered  avia-builder-el-13  el_before_av_masonry_entries  avia-builder-el-no-sibling'><h2 class='av-special-heading-tag'  itemprop=\"headline\"  >Exposiciones Actuales<\/h2><div class=\"special-heading-border\"><div class=\"special-heading-inner-border\"><\/div><\/div><\/div>\n<div id='av-masonry-2' class='av-masonry av-3zt43-4df94a7a903d990f2bc775daf5598d26 noHover av-flex-size av-large-gap av-hover-overlay- av-masonry-animation-active av-masonry-col-4 av-caption-always av-caption-style- av-masonry-entries' data-post_id=\"39\"><div class=\"av-masonry-container isotope av-js-disabled\"><div class='av-masonry-entry isotope-item av-masonry-item-no-image'><\/div><a href=\"https:\/\/www.tucsonmuseumofart.org\/es\/exhibition\/another-frame\/\"  id='av-masonry-2-item-44597' data-av-masonry-item='44597' class='av-masonry-entry isotope-item post-44597 exhibition type-exhibition status-publish format-standard has-post-thumbnail hentry exhibition-status-collection-exhibitions exhibition-status-current-exhibitions  av-masonry-item-with-image' title=\"Carmen Mar\u2019n de Barreda\"   itemscope=\"itemscope\" itemtype=\"https:\/\/schema.org\/CreativeWork\" ><div class='av-inner-masonry-sizer'><\/div><figure class='av-inner-masonry main_color'><div class=\"av-masonry-outerimage-container\"><div class='av-masonry-image-container'   ><img decoding=\"async\" width=\"618\" height=\"705\" class=\"wp-image-44598 avia-img-lazy-loading-not-44598\"  src=\"https:\/\/www.tucsonmuseumofart.org\/wp-content\/uploads\/2026\/03\/95029011-618x705.jpg\" title=\"Carmen Mar\u2019n de Barreda\" alt=\"\" srcset=\"https:\/\/www.tucsonmuseumofart.org\/wp-content\/uploads\/2026\/03\/95029011-618x705.jpg 618w, https:\/\/www.tucsonmuseumofart.org\/wp-content\/uploads\/2026\/03\/95029011-263x300.jpg 263w, https:\/\/www.tucsonmuseumofart.org\/wp-content\/uploads\/2026\/03\/95029011-902x1030.jpg 902w, https:\/\/www.tucsonmuseumofart.org\/wp-content\/uploads\/2026\/03\/95029011-768x877.jpg 768w, https:\/\/www.tucsonmuseumofart.org\/wp-content\/uploads\/2026\/03\/95029011-1346x1536.jpg 1346w, https:\/\/www.tucsonmuseumofart.org\/wp-content\/uploads\/2026\/03\/95029011-11x12.jpg 11w, https:\/\/www.tucsonmuseumofart.org\/wp-content\/uploads\/2026\/03\/95029011-1314x1500.jpg 1314w, https:\/\/www.tucsonmuseumofart.org\/wp-content\/uploads\/2026\/03\/95029011-450x514.jpg 450w, https:\/\/www.tucsonmuseumofart.org\/wp-content\/uploads\/2026\/03\/95029011.jpg 1794w\" sizes=\"(max-width: 618px) 100vw, 618px\" \/><\/div><\/div><figcaption class='av-inner-masonry-content site-background'><div class='av-inner-masonry-content-pos'><div class='av-inner-masonry-content-pos-content'><div class='avia-arrow'><\/div><h3 class='av-masonry-entry-title entry-title'  itemprop=\"headline\" >Another Frame: Lola \u00c1lvarez Bravo, Mariana Yampolsky, Graciela Iturbide, Flor Gardu\u00f1o<\/h3><div class='av-masonry-entry-content entry-content'  itemprop=\"text\" >April 02, 2026 \u2013 September 20, 2026<br \/>\r\nOn view in Kenneth and Judith Riskind\/Peter Salomon and Patricia Carr Morgan Gallery<\/div><\/div><\/div><\/figcaption><\/figure><\/a><!--end av-masonry entry--><a href=\"https:\/\/www.tucsonmuseumofart.org\/es\/exhibition\/vivamos-siempre-como-hermanos\/\"  id='av-masonry-2-item-44588' data-av-masonry-item='44588' class='av-masonry-entry isotope-item post-44588 exhibition type-exhibition status-publish format-standard has-post-thumbnail hentry exhibition-status-collection-exhibitions exhibition-status-current-exhibitions  av-masonry-item-with-image' title=\"Vivamos\"   itemscope=\"itemscope\" itemtype=\"https:\/\/schema.org\/CreativeWork\" ><div class='av-inner-masonry-sizer'><\/div><figure class='av-inner-masonry main_color'><div class=\"av-masonry-outerimage-container\"><div class='av-masonry-image-container'   ><img decoding=\"async\" width=\"705\" height=\"570\" class=\"wp-image-44589 avia-img-lazy-loading-not-44589\"  src=\"https:\/\/www.tucsonmuseumofart.org\/wp-content\/uploads\/2026\/03\/Vivamos-705x570.jpg\" title=\"Vivamos\" alt=\"\" srcset=\"https:\/\/www.tucsonmuseumofart.org\/wp-content\/uploads\/2026\/03\/Vivamos-705x570.jpg 705w, https:\/\/www.tucsonmuseumofart.org\/wp-content\/uploads\/2026\/03\/Vivamos-300x242.jpg 300w, https:\/\/www.tucsonmuseumofart.org\/wp-content\/uploads\/2026\/03\/Vivamos-768x621.jpg 768w, https:\/\/www.tucsonmuseumofart.org\/wp-content\/uploads\/2026\/03\/Vivamos-15x12.jpg 15w, https:\/\/www.tucsonmuseumofart.org\/wp-content\/uploads\/2026\/03\/Vivamos-495x400.jpg 495w, https:\/\/www.tucsonmuseumofart.org\/wp-content\/uploads\/2026\/03\/Vivamos-450x364.jpg 450w, https:\/\/www.tucsonmuseumofart.org\/wp-content\/uploads\/2026\/03\/Vivamos.jpg 845w\" sizes=\"(max-width: 705px) 100vw, 705px\" \/><\/div><\/div><figcaption class='av-inner-masonry-content site-background'><div class='av-inner-masonry-content-pos'><div class='av-inner-masonry-content-pos-content'><div class='avia-arrow'><\/div><h3 class='av-masonry-entry-title entry-title'  itemprop=\"headline\" >Vivamos Siempre Como Hermanos<\/h3><div class='av-masonry-entry-content entry-content'  itemprop=\"text\" >En curso<br \/>\r\nOn view in La Casa\u00a0Cordova\u00a0\u00a0<\/div><\/div><\/div><\/figcaption><\/figure><\/a><!--end av-masonry entry--><a href=\"https:\/\/www.tucsonmuseumofart.org\/es\/exhibition\/tucsons-changing-landscape\/\"  id='av-masonry-2-item-44584' data-av-masonry-item='44584' class='av-masonry-entry isotope-item post-44584 exhibition type-exhibition status-publish format-standard has-post-thumbnail hentry exhibition-status-collection-exhibitions exhibition-status-current-exhibitions  av-masonry-item-with-image' title=\"Tucsons Changing Landscape\"   itemscope=\"itemscope\" itemtype=\"https:\/\/schema.org\/CreativeWork\" ><div class='av-inner-masonry-sizer'><\/div><figure class='av-inner-masonry main_color'><div class=\"av-masonry-outerimage-container\"><div class='av-masonry-image-container'   ><img decoding=\"async\" width=\"705\" height=\"570\" class=\"wp-image-44585 avia-img-lazy-loading-not-44585\"  src=\"https:\/\/www.tucsonmuseumofart.org\/wp-content\/uploads\/2026\/03\/Tucsons-Changing-Landscape-705x570.jpg\" title=\"Tucsons Changing Landscape\" alt=\"\" srcset=\"https:\/\/www.tucsonmuseumofart.org\/wp-content\/uploads\/2026\/03\/Tucsons-Changing-Landscape-705x570.jpg 705w, https:\/\/www.tucsonmuseumofart.org\/wp-content\/uploads\/2026\/03\/Tucsons-Changing-Landscape-300x242.jpg 300w, https:\/\/www.tucsonmuseumofart.org\/wp-content\/uploads\/2026\/03\/Tucsons-Changing-Landscape-768x621.jpg 768w, https:\/\/www.tucsonmuseumofart.org\/wp-content\/uploads\/2026\/03\/Tucsons-Changing-Landscape-15x12.jpg 15w, https:\/\/www.tucsonmuseumofart.org\/wp-content\/uploads\/2026\/03\/Tucsons-Changing-Landscape-495x400.jpg 495w, https:\/\/www.tucsonmuseumofart.org\/wp-content\/uploads\/2026\/03\/Tucsons-Changing-Landscape-450x364.jpg 450w, https:\/\/www.tucsonmuseumofart.org\/wp-content\/uploads\/2026\/03\/Tucsons-Changing-Landscape.jpg 845w\" sizes=\"(max-width: 705px) 100vw, 705px\" \/><\/div><\/div><figcaption class='av-inner-masonry-content site-background'><div class='av-inner-masonry-content-pos'><div class='av-inner-masonry-content-pos-content'><div class='avia-arrow'><\/div><h3 class='av-masonry-entry-title entry-title'  itemprop=\"headline\" >Tucson\u2019s Changing Landscape<\/h3><div class='av-masonry-entry-content entry-content'  itemprop=\"text\" >En curso<br \/>\r\nOn view in La Casa\u00a0Cordova\u00a0\u00a0<\/div><\/div><\/div><\/figcaption><\/figure><\/a><!--end av-masonry entry--><a href=\"https:\/\/www.tucsonmuseumofart.org\/es\/exhibition\/el-nacimiento\/\"  id='av-masonry-2-item-44577' data-av-masonry-item='44577' class='av-masonry-entry isotope-item post-44577 exhibition type-exhibition status-publish format-standard has-post-thumbnail hentry exhibition-status-collection-exhibitions exhibition-status-current-exhibitions  av-masonry-item-with-image' title=\"Nacimiento\"   itemscope=\"itemscope\" itemtype=\"https:\/\/schema.org\/CreativeWork\" ><div class='av-inner-masonry-sizer'><\/div><figure class='av-inner-masonry main_color'><div class=\"av-masonry-outerimage-container\"><div class='av-masonry-image-container'   ><img decoding=\"async\" width=\"470\" height=\"705\" class=\"wp-image-44578 avia-img-lazy-loading-not-44578\"  src=\"https:\/\/www.tucsonmuseumofart.org\/wp-content\/uploads\/2026\/03\/Nacimiento-470x705.jpg\" title=\"Nacimiento\" alt=\"\" srcset=\"https:\/\/www.tucsonmuseumofart.org\/wp-content\/uploads\/2026\/03\/Nacimiento-470x705.jpg 470w, https:\/\/www.tucsonmuseumofart.org\/wp-content\/uploads\/2026\/03\/Nacimiento-200x300.jpg 200w, https:\/\/www.tucsonmuseumofart.org\/wp-content\/uploads\/2026\/03\/Nacimiento-687x1030.jpg 687w, https:\/\/www.tucsonmuseumofart.org\/wp-content\/uploads\/2026\/03\/Nacimiento-768x1152.jpg 768w, https:\/\/www.tucsonmuseumofart.org\/wp-content\/uploads\/2026\/03\/Nacimiento-1024x1536.jpg 1024w, https:\/\/www.tucsonmuseumofart.org\/wp-content\/uploads\/2026\/03\/Nacimiento-1365x2048.jpg 1365w, https:\/\/www.tucsonmuseumofart.org\/wp-content\/uploads\/2026\/03\/Nacimiento-8x12.jpg 8w, https:\/\/www.tucsonmuseumofart.org\/wp-content\/uploads\/2026\/03\/Nacimiento-1000x1500.jpg 1000w, https:\/\/www.tucsonmuseumofart.org\/wp-content\/uploads\/2026\/03\/Nacimiento-450x675.jpg 450w, https:\/\/www.tucsonmuseumofart.org\/wp-content\/uploads\/2026\/03\/Nacimiento-scaled.jpg 1707w\" sizes=\"(max-width: 470px) 100vw, 470px\" \/><\/div><\/div><figcaption class='av-inner-masonry-content site-background'><div class='av-inner-masonry-content-pos'><div class='av-inner-masonry-content-pos-content'><div class='avia-arrow'><\/div><h3 class='av-masonry-entry-title entry-title'  itemprop=\"headline\" >El Nacimiento<\/h3><div class='av-masonry-entry-content entry-content'  itemprop=\"text\" >Seasonal \u2013 November 11, 2026 \u2013 March 7, 2027<br \/>\r\nOn view in La Casa\u00a0Cordova\u00a0\u00a0<\/div><\/div><\/div><\/figcaption><\/figure><\/a><!--end av-masonry entry--><\/div><\/div>\n<\/div><\/div><\/div><!-- close content main div --><\/div><\/div>\n<style type=\"text\/css\" data-created_by=\"avia_inline_auto\" id=\"style-css-av-3gnu7-e5e8dccf5a27d2e6691c13f95ca8af78\">\n.avia-section.av-3gnu7-e5e8dccf5a27d2e6691c13f95ca8af78 .av-parallax .av-parallax-inner{\nbackground-repeat:no-repeat;\nbackground-image:url(https:\/\/www.tucsonmuseumofart.org\/wp-content\/uploads\/2016\/08\/Current-Header-Image-scaled.jpg);\nbackground-position:50% 50%;\nbackground-attachment:scroll;\n}\n.avia-section.av-3gnu7-e5e8dccf5a27d2e6691c13f95ca8af78 .av-section-color-overlay{\nopacity:0.8;\nbackground-color:#000000;\n}\n<\/style>\n<div id='av_section_5'  class='avia-section av-3gnu7-e5e8dccf5a27d2e6691c13f95ca8af78 main_color avia-section-default avia-no-border-styling  avia-builder-el-15  el_after_av_section  avia-builder-el-last  av-parallax-section avia-bg-style-parallax av-section-color-overlay-active av-minimum-height av-minimum-height-100 av-height-100  container_wrap fullsize'  data-section-bg-repeat='no-repeat' data-av_minimum_height_pc='100' data-av_min_height_opt='100'><div class='av-parallax' data-avia-parallax-ratio='0.3' ><div class='av-parallax-inner main_color avia-full-stretch'><\/div><\/div><div class=\"av-section-color-overlay-wrap\"><div class=\"av-section-color-overlay\"><\/div><div class='container av-section-cont-open' ><div class='template-page content  av-content-full alpha units'><div class='post-entry post-entry-type-page post-entry-39'><div class='entry-content-wrapper clearfix'>\n\n<style type=\"text\/css\" data-created_by=\"avia_inline_auto\" id=\"style-css-av-9wa3-f1ad6b7a35220a2d25547258bd92ba45\">\n#top .av-special-heading.av-9wa3-f1ad6b7a35220a2d25547258bd92ba45{\npadding-bottom:30px;\ncolor:#ffffff;\nfont-size:40px;\n}\nbody .av-special-heading.av-9wa3-f1ad6b7a35220a2d25547258bd92ba45 .av-special-heading-tag .heading-char{\nfont-size:25px;\n}\n#top #wrap_all .av-special-heading.av-9wa3-f1ad6b7a35220a2d25547258bd92ba45 .av-special-heading-tag{\nfont-size:40px;\n}\n.av-special-heading.av-9wa3-f1ad6b7a35220a2d25547258bd92ba45 .special-heading-inner-border{\nborder-color:#ffffff;\n}\n.av-special-heading.av-9wa3-f1ad6b7a35220a2d25547258bd92ba45 .av-subheading{\nfont-size:20px;\n}\n\n@media only screen and (min-width: 480px) and (max-width: 767px){ \n#top #wrap_all .av-special-heading.av-9wa3-f1ad6b7a35220a2d25547258bd92ba45 .av-special-heading-tag{\nfont-size:0.8em;\n}\n}\n\n@media only screen and (max-width: 479px){ \n#top #wrap_all .av-special-heading.av-9wa3-f1ad6b7a35220a2d25547258bd92ba45 .av-special-heading-tag{\nfont-size:0.8em;\n}\n}\n<\/style>\n<div  class='av-special-heading av-9wa3-f1ad6b7a35220a2d25547258bd92ba45 av-special-heading-h1 custom-color-heading blockquote modern-quote modern-centered  avia-builder-el-16  el_before_av_button  avia-builder-el-first  av-inherit-size'><h1 class='av-special-heading-tag'  itemprop=\"headline\"  >\u00bfInteresado en donar arte? El Museo de Arte de Tucson da la bienvenida a las donaciones relevantes para la misi\u00f3n.<\/h1><div class=\"special-heading-border\"><div class=\"special-heading-inner-border\"><\/div><\/div><\/div>\n<div  class='avia-button-wrap av-1vw37-f7230c9a68e5ede73a72d6a78dcae7ff-wrap avia-button-center  avia-builder-el-17  el_after_av_heading  avia-builder-el-last'><a href='https:\/\/www.tucsonmuseumofart.org\/es\/contact\/'  class='avia-button av-1vw37-f7230c9a68e5ede73a72d6a78dcae7ff avia-icon_select-no avia-size-large avia-position-center avia-color-light'  ><span class='avia_iconbox_title' >Cont\u00e1ctenos<\/span><\/a><\/div>\n<\/p>","protected":false},"excerpt":{"rendered":"","protected":false},"author":177,"featured_media":0,"parent":0,"menu_order":0,"comment_status":"closed","ping_status":"closed","template":"","meta":{"_price":"","_stock":"","_tribe_ticket_header":"","_tribe_default_ticket_provider":"","_tribe_ticket_capacity":"0","_ticket_start_date":"","_ticket_end_date":"","_tribe_ticket_show_description":"","_tribe_ticket_show_not_going":false,"_tribe_ticket_use_global_stock":"","_tribe_ticket_global_stock_level":"","_global_stock_mode":"","_global_stock_cap":"","_tribe_rsvp_for_event":"","_tribe_ticket_going_count":"","_tribe_ticket_not_going_count":"","_tribe_tickets_list":"[]","_tribe_ticket_has_attendee_info_fields":false,"footnotes":""},"class_list":["post-39","page","type-page","status-publish","hentry"],"publishpress_future_action":{"enabled":false,"date":"2026-05-05 04:40:51","action":"change-status","newStatus":"draft","terms":[],"taxonomy":"","extraData":[]},"publishpress_future_workflow_manual_trigger":{"enabledWorkflows":[]},"_links":{"self":[{"href":"https:\/\/www.tucsonmuseumofart.org\/es\/wp-json\/wp\/v2\/pages\/39","targetHints":{"allow":["GET"]}}],"collection":[{"href":"https:\/\/www.tucsonmuseumofart.org\/es\/wp-json\/wp\/v2\/pages"}],"about":[{"href":"https:\/\/www.tucsonmuseumofart.org\/es\/wp-json\/wp\/v2\/types\/page"}],"author":[{"embeddable":true,"href":"https:\/\/www.tucsonmuseumofart.org\/es\/wp-json\/wp\/v2\/users\/177"}],"replies":[{"embeddable":true,"href":"https:\/\/www.tucsonmuseumofart.org\/es\/wp-json\/wp\/v2\/comments?post=39"}],"version-history":[{"count":10,"href":"https:\/\/www.tucsonmuseumofart.org\/es\/wp-json\/wp\/v2\/pages\/39\/revisions"}],"predecessor-version":[{"id":33820,"href":"https:\/\/www.tucsonmuseumofart.org\/es\/wp-json\/wp\/v2\/pages\/39\/revisions\/33820"}],"wp:attachment":[{"href":"https:\/\/www.tucsonmuseumofart.org\/es\/wp-json\/wp\/v2\/media?parent=39"}],"curies":[{"name":"wp","href":"https:\/\/api.w.org\/{rel}","templated":true}]}}