{"id":36276,"date":"2024-01-08T13:19:25","date_gmt":"2024-01-08T20:19:25","guid":{"rendered":"https:\/\/www.tucsonmuseumofart.org\/?post_type=tribe_events&#038;p=36276"},"modified":"2024-02-05T10:10:12","modified_gmt":"2024-02-05T17:10:12","slug":"caretaking-preserving-collections-communities-and-creativity","status":"publish","type":"tribe_events","link":"https:\/\/www.tucsonmuseumofart.org\/es\/event\/caretaking-preserving-collections-communities-and-creativity\/","title":{"rendered":"Caretaking: Preserving Collections, Communities, and Creativity"},"content":{"rendered":"<p>Kick-off TMA\u2019s celebration of its centennial with a conversation about caretaking to explore the ways in which institutions, artists, and professionals embody the role of caretaker. Presenters, including Rachel Adler (collections manager \/ registrar), Amber Doe (artist), Alexandra E. Samarron Longorio (assistant professor of practice, nutritional science and wellness), and Feng-Feng Yeh (founder, Chinese Chorizo Project), will share insights on their practice\u2014creative and professional\u2014and the way they enact and provide care.<\/p>\n<p>For more information about TMA\u2019s Centennial and the celebration of its first 100 years <a href=\"https:\/\/www.tucsonmuseumofart.org\/es\/\" target=\"_blank\" rel=\"noopener\">haga clic aqu\u00ed<\/a>.<\/p>\n<p>La entrada a la conferencia es $5 o gratuita para miembros y estudiantes.<\/p>\n<p>Upon request, American Sign Language interpretation for lectures can be provided. Visitors can request this service up to two weeks before the date of the lecture. To request this service call Isai Pacheco at <a href=\"mailto:ipacheco@tucsonmuseumofart.org\" target=\"_blank\" rel=\"noopener\">ipacheco@tucsonmuseumofart.org<\/a> o 520-616-2699.<\/p>\n<p>Previa solicitud, se puede proporcionar interpretaci\u00f3n en espa\u00f1ol para conferencias. Los visitantes pueden solicitar este servicio hasta dos semanas antes de la fecha de la conferencia. Para solicitar este servicio comun\u00edquese con Isai Pacheco a <a href=\"mailto:ipacheco@tucsonmuseumofart.org\" target=\"_blank\" rel=\"noopener\">ipacheco@tucsonmuseumofart.org<\/a> o 520-616-2699.<\/p>\n<h3><strong>About the speakers:<\/strong><\/h3>\n<p><img loading=\"lazy\" decoding=\"async\" class=\"alignleft size-square wp-image-36290\" src=\"https:\/\/www.tucsonmuseumofart.org\/wp-content\/uploads\/2024\/01\/Adler_headshot-180x180.jpg\" alt=\"\" width=\"180\" height=\"180\" srcset=\"https:\/\/www.tucsonmuseumofart.org\/wp-content\/uploads\/2024\/01\/Adler_headshot-180x180.jpg 180w, https:\/\/www.tucsonmuseumofart.org\/wp-content\/uploads\/2024\/01\/Adler_headshot-450x450.jpg 450w, https:\/\/www.tucsonmuseumofart.org\/wp-content\/uploads\/2024\/01\/Adler_headshot-scaled-100x100.jpg 100w, https:\/\/www.tucsonmuseumofart.org\/wp-content\/uploads\/2024\/01\/Adler_headshot-300x300.jpg 300w, https:\/\/www.tucsonmuseumofart.org\/wp-content\/uploads\/2024\/01\/Adler_headshot-1030x1030.jpg 1030w, https:\/\/www.tucsonmuseumofart.org\/wp-content\/uploads\/2024\/01\/Adler_headshot-80x80.jpg 80w, https:\/\/www.tucsonmuseumofart.org\/wp-content\/uploads\/2024\/01\/Adler_headshot-768x768.jpg 768w, https:\/\/www.tucsonmuseumofart.org\/wp-content\/uploads\/2024\/01\/Adler_headshot-1536x1536.jpg 1536w, https:\/\/www.tucsonmuseumofart.org\/wp-content\/uploads\/2024\/01\/Adler_headshot-2048x2048.jpg 2048w, https:\/\/www.tucsonmuseumofart.org\/wp-content\/uploads\/2024\/01\/Adler_headshot-12x12.jpg 12w, https:\/\/www.tucsonmuseumofart.org\/wp-content\/uploads\/2024\/01\/Adler_headshot-36x36.jpg 36w, https:\/\/www.tucsonmuseumofart.org\/wp-content\/uploads\/2024\/01\/Adler_headshot-1500x1500.jpg 1500w, https:\/\/www.tucsonmuseumofart.org\/wp-content\/uploads\/2024\/01\/Adler_headshot-705x705.jpg 705w, https:\/\/www.tucsonmuseumofart.org\/wp-content\/uploads\/2024\/01\/Adler_headshot-120x120.jpg 120w\" sizes=\"auto, (max-width: 180px) 100vw, 180px\" \/><\/p>\n<p>&nbsp;<\/p>\n<p>&nbsp;<\/p>\n<p>&nbsp;<\/p>\n<p>&nbsp;<\/p>\n<p>&nbsp;<\/p>\n<p><strong>raquel adler<\/strong> has been with the Tucson Museum of Art and Historic Block in the Collections Department since 2006, where she began her work as an intern and was promoted to head of the department in 2016. Her responsibilities include the care and supervision of the Museum&#8217;s permanent collection consisting of almost 12,000 objects and artworks; coordination of temporary exhibition logistics, including loans, shipping, insurance, and installation; and the management of Museum object and exhibition archives. In addition to her position at TMA, she was also an apprentice at a local art conservation studio from 2006-2017. Rachel is a native of Tucson and a graduate of the University of Arizona with a bachelor\u2019s degree in art history.<\/p>\n<p><img loading=\"lazy\" decoding=\"async\" class=\"alignleft size-square wp-image-36289\" src=\"https:\/\/www.tucsonmuseumofart.org\/wp-content\/uploads\/2024\/01\/IMG_9361-1-180x180.jpg\" alt=\"\" width=\"180\" height=\"180\" srcset=\"https:\/\/www.tucsonmuseumofart.org\/wp-content\/uploads\/2024\/01\/IMG_9361-1-180x180.jpg 180w, https:\/\/www.tucsonmuseumofart.org\/wp-content\/uploads\/2024\/01\/IMG_9361-1-450x450.jpg 450w, https:\/\/www.tucsonmuseumofart.org\/wp-content\/uploads\/2024\/01\/IMG_9361-1-100x100.jpg 100w, https:\/\/www.tucsonmuseumofart.org\/wp-content\/uploads\/2024\/01\/IMG_9361-1-80x80.jpg 80w, https:\/\/www.tucsonmuseumofart.org\/wp-content\/uploads\/2024\/01\/IMG_9361-1-36x36.jpg 36w, https:\/\/www.tucsonmuseumofart.org\/wp-content\/uploads\/2024\/01\/IMG_9361-1-120x120.jpg 120w\" sizes=\"auto, (max-width: 180px) 100vw, 180px\" \/><\/p>\n<p>&nbsp;<\/p>\n<p>&nbsp;<\/p>\n<p>&nbsp;<\/p>\n<p>&nbsp;<\/p>\n<p>&nbsp;<\/p>\n<p style=\"text-align: left;\"><strong>Amber Doe<\/strong> (b. Washington DC) is a multimedia artist who currently lives and works in Tucson, AZ. She holds a BFA from Sarah Lawrence College and is a recipient of the 2023 Night Bloom MOCA Grant, AZ Commission on the Arts Research and Development Grant, 2022\/2023 Projecting All Voices Fellowship, and the 2021 Abbey Awards Fellowship. Her work has been included in exhibitions at the Amarillo Museum of Art, Amarillo, TX; The LeRoy Neiman Art Center, New York, NY; Gabriel Rolt Gallery, Amsterdam; La Ira de Dios, Buenos Aires; Snakebite Gallery, Tucson, AZ; and Blue Lotus Artists Collective, Tucson, AZ.<\/p>\n<p>&nbsp;<\/p>\n<p><img loading=\"lazy\" decoding=\"async\" class=\"wp-image-36446 alignleft\" src=\"https:\/\/www.tucsonmuseumofart.org\/wp-content\/uploads\/2024\/01\/AESL_0-300x294.png\" alt=\"\" width=\"188\" height=\"184\" srcset=\"https:\/\/www.tucsonmuseumofart.org\/wp-content\/uploads\/2024\/01\/AESL_0-300x294.png 300w, https:\/\/www.tucsonmuseumofart.org\/wp-content\/uploads\/2024\/01\/AESL_0-450x440.png 450w, https:\/\/www.tucsonmuseumofart.org\/wp-content\/uploads\/2024\/01\/AESL_0-12x12.png 12w, https:\/\/www.tucsonmuseumofart.org\/wp-content\/uploads\/2024\/01\/AESL_0-36x36.png 36w, https:\/\/www.tucsonmuseumofart.org\/wp-content\/uploads\/2024\/01\/AESL_0.png 613w\" sizes=\"auto, (max-width: 188px) 100vw, 188px\" \/><\/p>\n<p>&nbsp;<\/p>\n<p>&nbsp;<\/p>\n<p>&nbsp;<\/p>\n<p>&nbsp;<\/p>\n<p>&nbsp;<\/p>\n<p><strong>Alexandra E. Samarron Longorio <\/strong>is currently an Assistant Professor of Practice at the School of Nutritional Sciences and Wellness at the University of Arizona. Samarron Longorio has a Bachelor\u2019s in nutritional sciences (dietetic emphasis) with minors in biochemistry and women and gender studies at the University of Arizona and a master&#8217;s in public health (health promotion emphasis) at Northern Arizona University. As a Mexican immigrant, being a first-generation student and growing up in a single parent working class household, Samarron Longorio holds lived experiences that have informed her passion, and dedication for community engaged research, and program development. Since 2009, through grassroots community organizing, Samarron Longorio has led anti-deportation campaigns, immigrant workers\u2019 rights collective advocacy strategies, housing justice efforts, and the design of higher education resources for Undocumented students in Arizona.<\/p>\n<p><strong><img loading=\"lazy\" decoding=\"async\" class=\"size-square wp-image-36288 alignleft\" src=\"https:\/\/www.tucsonmuseumofart.org\/wp-content\/uploads\/2024\/01\/Feng-Feng-Foodie-Headshot-2023-180x180.jpeg\" alt=\"\" width=\"180\" height=\"180\" srcset=\"https:\/\/www.tucsonmuseumofart.org\/wp-content\/uploads\/2024\/01\/Feng-Feng-Foodie-Headshot-2023-180x180.jpeg 180w, https:\/\/www.tucsonmuseumofart.org\/wp-content\/uploads\/2024\/01\/Feng-Feng-Foodie-Headshot-2023-450x450.jpeg 450w, https:\/\/www.tucsonmuseumofart.org\/wp-content\/uploads\/2024\/01\/Feng-Feng-Foodie-Headshot-2023-scaled-100x100.jpeg 100w, https:\/\/www.tucsonmuseumofart.org\/wp-content\/uploads\/2024\/01\/Feng-Feng-Foodie-Headshot-2023-80x80.jpeg 80w, https:\/\/www.tucsonmuseumofart.org\/wp-content\/uploads\/2024\/01\/Feng-Feng-Foodie-Headshot-2023-36x36.jpeg 36w, https:\/\/www.tucsonmuseumofart.org\/wp-content\/uploads\/2024\/01\/Feng-Feng-Foodie-Headshot-2023-120x120.jpeg 120w\" sizes=\"auto, (max-width: 180px) 100vw, 180px\" \/><\/strong><\/p>\n<p>&nbsp;<\/p>\n<p>&nbsp;<\/p>\n<p>&nbsp;<\/p>\n<p>&nbsp;<\/p>\n<p>&nbsp;<\/p>\n<p><strong>Feng Feng Yeh (she\/her)<\/strong> is a chef and emerging multi-disciplinary artist who explores identity, feminism, and activism, under a provocative lens of sensuality, nostalgic camp, and comedy. She is the founder of the Chinese Chorizo Project, a MOCA Tucson and Andy Warhol Foundations for the Arts awarded project. In 2023, the Pima County Board of Supervisors named October the Chinese Chorizo Month recognizing the contributions of immigrants in America. Additionally, Yeh has received several awards including the Tucson City of Gastronomy Food Visionary Award and the Downtown Tucson for Everyone Grant. By providing an intersectional perspective of the connections and collaborations between art, food, history, and humanity, Yeh hopes to uplift underrepresented communities across boundaries.<\/p>\n<p><a href=\"https:\/\/12194a.blackbaudhosting.com\/12194a\/Caretaking-Preserving-Collections-and-Communities\" target=\"_blank\" rel=\"noopener\">Registrarse aqu\u00ed<\/a><\/p>\n<hr \/>\n<h2>El Cuidado: Preservando Colecciones, Comunidades y Creatividad<\/h2>\n<p>Inicia la celebraci\u00f3n del centenario de TMA con una conversaci\u00f3n sobre el cuidado para explorar las formas en que las instituciones, los artistas y los profesionales encarnan el papel del cuidador. Las presentadoras incluyen a Rachel Adler (gerente\/registradora de colecciones), Amber Doe (artista), Alexandra E. Samarron Longorio (profesora asistente de pr\u00e1ctica, ciencias nutricionales y bienestar) y Feng-Feng Yeh (fundador del Proyecto Chorizo Chino), compartir\u00e1n sus ideas en su pr\u00e1ctica (creativa y profesional) y en la forma en que ellas representan y brindan el cuidado.<\/p>\n<p>Para m\u00e1s informaci\u00f3n sobre el Centenario de TMA y la celebraci\u00f3n de sus primeros 100 a\u00f1os haga <a href=\"https:\/\/www.tucsonmuseumofart.org\/es\/\" target=\"_blank\" rel=\"noopener\">clic aqu\u00ed<\/a>.<\/p>\n<p>La entrada a la conferencia es $5 o gratis para miembros y estudiantes.<\/p>\n<p>Previa solicitud, se puede proporcionar interpretaci\u00f3n de lenguaje de se\u00f1as estadounidense para conferencias. Los visitantes pueden solicitar este servicio hasta dos semanas antes de la fecha de la conferencia. Para solicitar este servicio comun\u00edquese con Isai Pacheco a <a href=\"mailto:ipacheco@tucsonmuseumofart.org\" target=\"_blank\" rel=\"noopener\">ipacheco@tucsonmuseumofart.org<\/a> o al 520-616-2699.<\/p>\n<p>Previa solicitud, se puede proporcionar interpretaci\u00f3n en espa\u00f1ol para conferencias. Los visitantes pueden solicitar este servicio hasta dos semanas antes de la fecha de la conferencia. Para solicitar este servicio comun\u00edquese con Isai Pacheco a <a href=\"\/es\/ipacheco@tucsonmuseumofart.org\/\" target=\"_blank\" rel=\"noopener\">ipacheco@tucsonmuseumofart.org<\/a> o 520-616-2699.<\/p>\n<h3><strong>Sobre las oradoras:<\/strong><\/h3>\n<p><img loading=\"lazy\" decoding=\"async\" class=\"alignleft size-square wp-image-36290\" src=\"https:\/\/www.tucsonmuseumofart.org\/wp-content\/uploads\/2024\/01\/Adler_headshot-180x180.jpg\" alt=\"\" width=\"180\" height=\"180\" srcset=\"https:\/\/www.tucsonmuseumofart.org\/wp-content\/uploads\/2024\/01\/Adler_headshot-180x180.jpg 180w, https:\/\/www.tucsonmuseumofart.org\/wp-content\/uploads\/2024\/01\/Adler_headshot-450x450.jpg 450w, https:\/\/www.tucsonmuseumofart.org\/wp-content\/uploads\/2024\/01\/Adler_headshot-scaled-100x100.jpg 100w, https:\/\/www.tucsonmuseumofart.org\/wp-content\/uploads\/2024\/01\/Adler_headshot-300x300.jpg 300w, https:\/\/www.tucsonmuseumofart.org\/wp-content\/uploads\/2024\/01\/Adler_headshot-1030x1030.jpg 1030w, https:\/\/www.tucsonmuseumofart.org\/wp-content\/uploads\/2024\/01\/Adler_headshot-80x80.jpg 80w, https:\/\/www.tucsonmuseumofart.org\/wp-content\/uploads\/2024\/01\/Adler_headshot-768x768.jpg 768w, https:\/\/www.tucsonmuseumofart.org\/wp-content\/uploads\/2024\/01\/Adler_headshot-1536x1536.jpg 1536w, https:\/\/www.tucsonmuseumofart.org\/wp-content\/uploads\/2024\/01\/Adler_headshot-2048x2048.jpg 2048w, https:\/\/www.tucsonmuseumofart.org\/wp-content\/uploads\/2024\/01\/Adler_headshot-12x12.jpg 12w, https:\/\/www.tucsonmuseumofart.org\/wp-content\/uploads\/2024\/01\/Adler_headshot-36x36.jpg 36w, https:\/\/www.tucsonmuseumofart.org\/wp-content\/uploads\/2024\/01\/Adler_headshot-1500x1500.jpg 1500w, https:\/\/www.tucsonmuseumofart.org\/wp-content\/uploads\/2024\/01\/Adler_headshot-705x705.jpg 705w, https:\/\/www.tucsonmuseumofart.org\/wp-content\/uploads\/2024\/01\/Adler_headshot-120x120.jpg 120w\" sizes=\"auto, (max-width: 180px) 100vw, 180px\" \/><\/p>\n<p>&nbsp;<\/p>\n<p>&nbsp;<\/p>\n<p>&nbsp;<\/p>\n<p>&nbsp;<\/p>\n<p>&nbsp;<\/p>\n<p><strong>raquel adler <\/strong>ha trabajado en el Departamento de Colecciones del Museo de Arte y Bloque Hist\u00f3rico de Tucson desde 2006, donde comenz\u00f3 su trabajo como pasante y fue ascendida a jefa del departamento en 2016. Sus responsabilidades incluyen el cuidado y supervisi\u00f3n de la colecci\u00f3n permanente del Museo, compuesta por casi 12,000 objetos y obras de arte; coordinaci\u00f3n de la log\u00edstica de exhibiciones temporales, incluidos pr\u00e9stamos, env\u00edos, seguros e instalaci\u00f3n; y la gesti\u00f3n de archivos de objetos y exhibiciones del Museo. Adem\u00e1s de su puesto en TMA, tambi\u00e9n fue aprendiz en un estudio de conservaci\u00f3n de arte local de 2006 a 2017. Rachel es originaria de Tucson y se gradu\u00f3 de la Universidad de Arizona con una licenciatura en historia del arte.<\/p>\n<p><img loading=\"lazy\" decoding=\"async\" class=\"alignleft size-square wp-image-36289\" src=\"https:\/\/www.tucsonmuseumofart.org\/wp-content\/uploads\/2024\/01\/IMG_9361-1-180x180.jpg\" alt=\"\" width=\"180\" height=\"180\" srcset=\"https:\/\/www.tucsonmuseumofart.org\/wp-content\/uploads\/2024\/01\/IMG_9361-1-180x180.jpg 180w, https:\/\/www.tucsonmuseumofart.org\/wp-content\/uploads\/2024\/01\/IMG_9361-1-450x450.jpg 450w, https:\/\/www.tucsonmuseumofart.org\/wp-content\/uploads\/2024\/01\/IMG_9361-1-100x100.jpg 100w, https:\/\/www.tucsonmuseumofart.org\/wp-content\/uploads\/2024\/01\/IMG_9361-1-80x80.jpg 80w, https:\/\/www.tucsonmuseumofart.org\/wp-content\/uploads\/2024\/01\/IMG_9361-1-36x36.jpg 36w, https:\/\/www.tucsonmuseumofart.org\/wp-content\/uploads\/2024\/01\/IMG_9361-1-120x120.jpg 120w\" sizes=\"auto, (max-width: 180px) 100vw, 180px\" \/><\/p>\n<p>&nbsp;<\/p>\n<p>&nbsp;<\/p>\n<p>&nbsp;<\/p>\n<p>&nbsp;<\/p>\n<p>&nbsp;<\/p>\n<p><strong>Amber Doe<\/strong> (n. Washington DC) es una artista multimedia que actualmente vive y trabaja en Tucson, AZ. Tiene una licenciatura en Bellas Artes de Sarah Lawrence College y recibi\u00f3 la beca Night Bloom MOCA 2023, la beca AZ Commission on the Arts Research and Development, la beca Projecting All Voices 2022\/2023 y la beca Abbey Awards 2021. Su trabajo ha sido incluido en exposiciones en el Museo de Arte de Amarillo, Amarillo, TX; El Centro de Arte LeRoy Neiman, Nueva York, NY; Galer\u00eda Gabriel Rolt, \u00c1msterdam; La Ira de Dios, Buenos Aires; Galer\u00eda Snakebite, Tucson, AZ; y Colectivo de Artistas Blue Lotus, Tucson, AZ.<\/p>\n<p><img loading=\"lazy\" decoding=\"async\" class=\"wp-image-36446 alignleft\" src=\"https:\/\/www.tucsonmuseumofart.org\/wp-content\/uploads\/2024\/01\/AESL_0-300x294.png\" alt=\"\" width=\"188\" height=\"184\" srcset=\"https:\/\/www.tucsonmuseumofart.org\/wp-content\/uploads\/2024\/01\/AESL_0-300x294.png 300w, https:\/\/www.tucsonmuseumofart.org\/wp-content\/uploads\/2024\/01\/AESL_0-450x440.png 450w, https:\/\/www.tucsonmuseumofart.org\/wp-content\/uploads\/2024\/01\/AESL_0-12x12.png 12w, https:\/\/www.tucsonmuseumofart.org\/wp-content\/uploads\/2024\/01\/AESL_0-36x36.png 36w, https:\/\/www.tucsonmuseumofart.org\/wp-content\/uploads\/2024\/01\/AESL_0.png 613w\" sizes=\"auto, (max-width: 188px) 100vw, 188px\" \/><\/p>\n<p>&nbsp;<\/p>\n<p>&nbsp;<\/p>\n<p>&nbsp;<\/p>\n<p>&nbsp;<\/p>\n<p>&nbsp;<\/p>\n<p><strong>Alexandra E. Samarron Longorio<\/strong> es actualmente profesora asistente de pr\u00e1ctica en la Facultad de Ciencias de la Nutrici\u00f3n y Bienestar de la Universidad de Arizona. Samarr\u00f3n Longorio tiene una licenciatura en ciencias de la nutrici\u00f3n (\u00e9nfasis en diet\u00e9tica) con especializaci\u00f3n en bioqu\u00edmica y estudios de mujeres y g\u00e9nero en la Universidad de Arizona y una maestr\u00eda en salud p\u00fablica (\u00e9nfasis en promoci\u00f3n de la salud) de la Universidad del Norte de Arizona. Como inmigrante mexicana, estudiante de primera generaci\u00f3n y creciendo en un hogar monoparental de clase trabajadora, Samarr\u00f3n Longorio tiene experiencias vividas que han informado su pasi\u00f3n y dedicaci\u00f3n por la investigaci\u00f3n y el desarrollo de programas comprometidos con la comunidad. Desde 2009, a trav\u00e9s de la organizaci\u00f3n comunitaria de base, Samarr\u00f3n Longorio ha liderado campa\u00f1as contra la deportaci\u00f3n, estrategias de defensa colectiva de los derechos de los trabajadores inmigrantes, esfuerzos por la justicia en materia de vivienda y el dise\u00f1o de recursos de educaci\u00f3n superior para estudiantes indocumentados en Arizona.<\/p>\n<p><img loading=\"lazy\" decoding=\"async\" class=\"alignleft size-square wp-image-36288\" src=\"https:\/\/www.tucsonmuseumofart.org\/wp-content\/uploads\/2024\/01\/Feng-Feng-Foodie-Headshot-2023-180x180.jpeg\" alt=\"\" width=\"180\" height=\"180\" srcset=\"https:\/\/www.tucsonmuseumofart.org\/wp-content\/uploads\/2024\/01\/Feng-Feng-Foodie-Headshot-2023-180x180.jpeg 180w, https:\/\/www.tucsonmuseumofart.org\/wp-content\/uploads\/2024\/01\/Feng-Feng-Foodie-Headshot-2023-450x450.jpeg 450w, https:\/\/www.tucsonmuseumofart.org\/wp-content\/uploads\/2024\/01\/Feng-Feng-Foodie-Headshot-2023-scaled-100x100.jpeg 100w, https:\/\/www.tucsonmuseumofart.org\/wp-content\/uploads\/2024\/01\/Feng-Feng-Foodie-Headshot-2023-80x80.jpeg 80w, https:\/\/www.tucsonmuseumofart.org\/wp-content\/uploads\/2024\/01\/Feng-Feng-Foodie-Headshot-2023-36x36.jpeg 36w, https:\/\/www.tucsonmuseumofart.org\/wp-content\/uploads\/2024\/01\/Feng-Feng-Foodie-Headshot-2023-120x120.jpeg 120w\" sizes=\"auto, (max-width: 180px) 100vw, 180px\" \/><\/p>\n<p>&nbsp;<\/p>\n<p>&nbsp;<\/p>\n<p>&nbsp;<\/p>\n<p>&nbsp;<\/p>\n<p>&nbsp;<\/p>\n<p><strong>Feng Feng Yeh <\/strong>(ella) es una chef y artista multidisciplinaria emergente que explora la identidad, el feminismo y el activismo, bajo una lente provocativa de sensualidad, nostalgia y comedia. Es la fundadora del Proyecto Chorizo Chino, un proyecto premiado por MOCA Tucson y Andy Warhol Foundations for the Arts. En 2023, la Junta de Supervisores del Condado de Pima nombr\u00f3 a octubre el Mes del Chorizo Chino reconociendo las contribuciones de los inmigrantes en Estados Unidos. Adem\u00e1s, Yeh ha recibido varios premios, incluido el Premio Visionario de Alimentos de la Ciudad Gastron\u00f3mica de Tucson y la Beca Downtown Tucson for Everyone. Al brindar una perspectiva interseccional de las conexiones y colaboraciones entre el arte, la comida, la historia y la humanidad, Yeh espera elevar a las comunidades subrepresentadas m\u00e1s all\u00e1 de las fronteras.<\/p>\n<p><a href=\"https:\/\/12194a.blackbaudhosting.com\/12194a\/Caretaking-Preserving-Collections-and-Communities\" target=\"_blank\" rel=\"noopener\">Reg\u00edstrate Aqu\u00ed<\/a><\/p>","protected":false},"excerpt":{"rendered":"<p>Kick-off TMA\u2019s celebration of its centennial with a conversation about caretaking to explore the ways in which institutions, artists, and professionals embody the role of caretaker. Presenters, including Rachel Adler [&hellip;]<\/p>\n","protected":false},"author":178,"featured_media":36464,"template":"","meta":{"_price":"","_stock":"","_tribe_ticket_header":"","_tribe_default_ticket_provider":"","_tribe_ticket_capacity":"0","_ticket_start_date":"","_ticket_end_date":"","_tribe_ticket_show_description":"","_tribe_ticket_show_not_going":false,"_tribe_ticket_use_global_stock":"","_tribe_ticket_global_stock_level":"","_global_stock_mode":"","_global_stock_cap":"","_tribe_rsvp_for_event":"","_tribe_ticket_going_count":"","_tribe_ticket_not_going_count":"","_tribe_tickets_list":"[]","_tribe_ticket_has_attendee_info_fields":false,"_tribe_events_status":"","_tribe_events_status_reason":"","footnotes":"","_tec_slr_enabled":"","_tec_slr_layout":""},"tags":[256,255],"tribe_events_cat":[],"class_list":["post-36276","tribe_events","type-tribe_events","status-publish","has-post-thumbnail","hentry","tag-firstthursday","tag-lecture"],"publishpress_future_workflow_manual_trigger":{"enabledWorkflows":[]},"ticketed":false,"_links":{"self":[{"href":"https:\/\/www.tucsonmuseumofart.org\/es\/wp-json\/wp\/v2\/tribe_events\/36276","targetHints":{"allow":["GET"]}}],"collection":[{"href":"https:\/\/www.tucsonmuseumofart.org\/es\/wp-json\/wp\/v2\/tribe_events"}],"about":[{"href":"https:\/\/www.tucsonmuseumofart.org\/es\/wp-json\/wp\/v2\/types\/tribe_events"}],"author":[{"embeddable":true,"href":"https:\/\/www.tucsonmuseumofart.org\/es\/wp-json\/wp\/v2\/users\/178"}],"version-history":[{"count":12,"href":"https:\/\/www.tucsonmuseumofart.org\/es\/wp-json\/wp\/v2\/tribe_events\/36276\/revisions"}],"predecessor-version":[{"id":36655,"href":"https:\/\/www.tucsonmuseumofart.org\/es\/wp-json\/wp\/v2\/tribe_events\/36276\/revisions\/36655"}],"wp:featuredmedia":[{"embeddable":true,"href":"https:\/\/www.tucsonmuseumofart.org\/es\/wp-json\/wp\/v2\/media\/36464"}],"wp:attachment":[{"href":"https:\/\/www.tucsonmuseumofart.org\/es\/wp-json\/wp\/v2\/media?parent=36276"}],"wp:term":[{"taxonomy":"post_tag","embeddable":true,"href":"https:\/\/www.tucsonmuseumofart.org\/es\/wp-json\/wp\/v2\/tags?post=36276"},{"taxonomy":"tribe_events_cat","embeddable":true,"href":"https:\/\/www.tucsonmuseumofart.org\/es\/wp-json\/wp\/v2\/tribe_events_cat?post=36276"}],"curies":[{"name":"wp","href":"https:\/\/api.w.org\/{rel}","templated":true}]}}